{"id":4797,"date":"2026-08-30T12:48:43","date_gmt":"2026-08-30T10:48:43","guid":{"rendered":"https:\/\/ajmonnet.eu\/?post_type=events&#038;p=4797"},"modified":"2026-08-30T13:22:30","modified_gmt":"2026-08-30T11:22:30","slug":"comite-daction-pour-les-etats-unis-deurope","status":"publish","type":"events","link":"https:\/\/ajmonnet.eu\/pt\/events\/comite-daction-pour-les-etats-unis-deurope\/","title":{"rendered":"Comit\u00e9 de A\u00e7\u00e3o pelos Estados Unidos da Europa"},"content":{"rendered":"<p class=\"wp-block-paragraph\">Les dirigeants politiques, les d\u00e9put\u00e9s et les anciens d\u00e9put\u00e9s europ\u00e9ens &#8211; dont Josep Borrell, ancien haut repr\u00e9sentant de l&rsquo;UE et vice-pr\u00e9sident de la Commission europ\u00e9enne et ancien pr\u00e9sident du Parlement europ\u00e9en, Guy Verhofstadt, ancien Premier ministre belge et ancien d\u00e9put\u00e9 europ\u00e9en, Pascal Smet, ancien ministre des Flandres et d\u00e9put\u00e9 du Parlement de la R\u00e9gion de Bruxelles-Capitale, Jordi Xucl\u00e0, ancien d\u00e9put\u00e9, Espagne Raquel Garc\u00eda Hermida-Van der Walle d\u00e9put\u00e9e europ\u00e9enne (Renew Europe), Andrea Wechsler d\u00e9put\u00e9e europ\u00e9enne (PPE), Anna Strolenberg d\u00e9put\u00e9e europ\u00e9enne (Verts\/ALE), Benedetta Scuderi d\u00e9put\u00e9e europ\u00e9enne (Verts\/ALE) &#8211; universitaires &#8211; <a href=\"https:\/\/ajmonnet.eu\/pt\/members\/eric-pestel\/\" data-type=\"members\" data-id=\"3185\" target=\"_blank\" rel=\"noreferrer noopener\">Eric Pestel, analyste politique et conseiller du pr\u00e9sident de l&rsquo;association Jean Monnet<\/a>, Francisco Aldecoa Luzarraga, professeur \u00e9m\u00e9rite \u00e0 l&rsquo;Universit\u00e9 Complutense de Madrid et pr\u00e9sident du Mouvement europ\u00e9en d&rsquo;Espagne, Roberto Castaldi, directeur du Centre d&rsquo;excellence Jean Monnet, Mariola Urrea, professeur \u00e0 l&rsquo;Universit\u00e9 de La Rioja &#8211; et repr\u00e9sentants du mouvement f\u00e9d\u00e9raliste europ\u00e9en &#8211; Moritz Hergl, pr\u00e9sident des Jeunes F\u00e9d\u00e9ralistes Europ\u00e9ens (JEF Europe).<br><\/p>\n\n\n\n<p class=\"wp-block-paragraph\">Mathilde Baudouin, secr\u00e9taire g\u00e9n\u00e9rale de l&rsquo;Union des f\u00e9d\u00e9ralistes europ\u00e9ens, Stefano Spoltore, pr\u00e9sident de l&rsquo;Istituto di Studi Federalisti Altiero Spinelli se r\u00e9unira sur l&rsquo;\u00eele o\u00f9 le Manifeste Ventotene a \u00e9t\u00e9 con\u00e7u.<br>Les participants discuteront de l&rsquo;\u00e9volution politique actuelle, des d\u00e9fis auxquels la d\u00e9mocratie europ\u00e9enne est confront\u00e9e et des priorit\u00e9s pour faire avancer l&rsquo;unification politique de l&rsquo;Europe.<\/p>\n\n\n\n<p class=\"wp-block-paragraph\"><br>La r\u00e9union aboutira \u00e0 la discussion, \u00e0 l&rsquo;adoption et \u00e0 la signature de la D\u00e9claration de Ventotene.<br>Plus d&rsquo;actualit\u00e9s ici : <a href=\"https:\/\/buff.ly\/5gUMBdI\" target=\"_blank\" rel=\"noreferrer noopener\">https:\/\/buff.ly\/5gUMBdI<\/a><\/p>\n\n\n\n<p class=\"wp-block-paragraph\"><br>L&rsquo;\u00e9v\u00e9nement se tient sous le patronage de la Commune de Ventotene et en collaboration avec l&rsquo;Istituto di Studi Federalisti Altiero Spinelli et le Centre d&rsquo;excellence fEUture Jean Monnet de l&rsquo;universit\u00e9 eCampus.<\/p>\n\n\n\n<p class=\"wp-block-paragraph\"><\/p>","protected":false},"featured_media":4798,"template":"","categories":[31,40],"class_list":["post-4797","events","type-events","status-publish","has-post-thumbnail","hentry","category-actualite","category-eue"],"acf":[],"yoast_head":"<!-- This site is optimized with the Yoast SEO plugin v28.3 - https:\/\/yoast.com\/product\/yoast-seo-wordpress\/ -->\n<title>Comit\u00e9 d&#039;Action pour les Etats-Unis d&#039;Europe<\/title>\n<meta name=\"description\" content=\"Association Jean Monnet - Think tank Europ\u00e9en, l&#039;association Jean Monnet propose r\u00e9guli\u00e8rement des \u00e9v\u00e8nements sur l&#039;actualit\u00e9 europ\u00e9enne.\" \/>\n<meta name=\"robots\" content=\"index, follow, max-snippet:-1, max-image-preview:large, max-video-preview:-1\" \/>\n<link rel=\"canonical\" href=\"https:\/\/ajmonnet.eu\/pt\/events\/comite-daction-pour-les-etats-unis-deurope\/\" \/>\n<meta property=\"og:locale\" content=\"pt_PT\" \/>\n<meta property=\"og:type\" content=\"article\" \/>\n<meta property=\"og:title\" content=\"Comit\u00e9 d&#039;Action pour les Etats-Unis d&#039;Europe\" \/>\n<meta property=\"og:description\" content=\"Association Jean Monnet - Think tank Europ\u00e9en, l&#039;association Jean Monnet propose r\u00e9guli\u00e8rement des \u00e9v\u00e8nements sur l&#039;actualit\u00e9 europ\u00e9enne.\" \/>\n<meta property=\"og:url\" content=\"https:\/\/ajmonnet.eu\/pt\/events\/comite-daction-pour-les-etats-unis-deurope\/\" \/>\n<meta property=\"og:site_name\" content=\"Association Jean Monnet\" \/>\n<meta property=\"article:publisher\" content=\"https:\/\/www.facebook.com\/associationjeanmonnet\" \/>\n<meta property=\"article:modified_time\" content=\"2026-08-30T11:22:30+00:00\" \/>\n<meta property=\"og:image\" content=\"https:\/\/ajmonnet.eu\/wp-content\/uploads\/2026\/08\/WhatsApp-Image-2026-08-30-at-12.29.07.jpeg\" \/>\n\t<meta property=\"og:image:width\" content=\"1170\" \/>\n\t<meta property=\"og:image:height\" content=\"1457\" \/>\n\t<meta property=\"og:image:type\" content=\"image\/jpeg\" \/>\n<meta name=\"twitter:card\" content=\"summary_large_image\" \/>\n<meta name=\"twitter:site\" content=\"@AJMonnet\" \/>\n<meta name=\"twitter:label1\" content=\"Tempo estimado de leitura\" \/>\n\t<meta name=\"twitter:data1\" content=\"2 minutos\" \/>\n<script type=\"application\/ld+json\" class=\"yoast-schema-graph\">{\"@context\":\"https:\\\/\\\/schema.org\",\"@graph\":[{\"@type\":\"WebPage\",\"@id\":\"https:\\\/\\\/ajmonnet.eu\\\/events\\\/comite-daction-pour-les-etats-unis-deurope\\\/\",\"url\":\"https:\\\/\\\/ajmonnet.eu\\\/events\\\/comite-daction-pour-les-etats-unis-deurope\\\/\",\"name\":\"Comit\u00e9 d'Action pour les Etats-Unis d'Europe\",\"isPartOf\":{\"@id\":\"https:\\\/\\\/ajmonnet.eu\\\/#website\"},\"primaryImageOfPage\":{\"@id\":\"https:\\\/\\\/ajmonnet.eu\\\/events\\\/comite-daction-pour-les-etats-unis-deurope\\\/#primaryimage\"},\"image\":{\"@id\":\"https:\\\/\\\/ajmonnet.eu\\\/events\\\/comite-daction-pour-les-etats-unis-deurope\\\/#primaryimage\"},\"thumbnailUrl\":\"https:\\\/\\\/ajmonnet.eu\\\/wp-content\\\/uploads\\\/2026\\\/08\\\/WhatsApp-Image-2026-08-30-at-12.29.07.jpeg\",\"datePublished\":\"2026-08-30T10:48:43+00:00\",\"dateModified\":\"2026-08-30T11:22:30+00:00\",\"description\":\"Association Jean Monnet - Think tank Europ\u00e9en, l'association Jean Monnet propose r\u00e9guli\u00e8rement des \u00e9v\u00e8nements sur l'actualit\u00e9 europ\u00e9enne.\",\"breadcrumb\":{\"@id\":\"https:\\\/\\\/ajmonnet.eu\\\/events\\\/comite-daction-pour-les-etats-unis-deurope\\\/#breadcrumb\"},\"inLanguage\":\"pt-PT\",\"potentialAction\":[{\"@type\":\"ReadAction\",\"target\":[\"https:\\\/\\\/ajmonnet.eu\\\/events\\\/comite-daction-pour-les-etats-unis-deurope\\\/\"]}]},{\"@type\":\"ImageObject\",\"inLanguage\":\"pt-PT\",\"@id\":\"https:\\\/\\\/ajmonnet.eu\\\/events\\\/comite-daction-pour-les-etats-unis-deurope\\\/#primaryimage\",\"url\":\"https:\\\/\\\/ajmonnet.eu\\\/wp-content\\\/uploads\\\/2026\\\/08\\\/WhatsApp-Image-2026-08-30-at-12.29.07.jpeg\",\"contentUrl\":\"https:\\\/\\\/ajmonnet.eu\\\/wp-content\\\/uploads\\\/2026\\\/08\\\/WhatsApp-Image-2026-08-30-at-12.29.07.jpeg\",\"width\":1170,\"height\":1457},{\"@type\":\"BreadcrumbList\",\"@id\":\"https:\\\/\\\/ajmonnet.eu\\\/events\\\/comite-daction-pour-les-etats-unis-deurope\\\/#breadcrumb\",\"itemListElement\":[{\"@type\":\"ListItem\",\"position\":1,\"name\":\"Home\",\"item\":\"https:\\\/\\\/ajmonnet.eu\\\/\"},{\"@type\":\"ListItem\",\"position\":2,\"name\":\"Events\",\"item\":\"http:\\\/\\\/ajmonnet.eu\\\/pl\\\/events\\\/\"},{\"@type\":\"ListItem\",\"position\":3,\"name\":\"Comit\u00e9 d&rsquo;Action pour les Etats-Unis d&rsquo;Europe\"}]},{\"@type\":\"WebSite\",\"@id\":\"https:\\\/\\\/ajmonnet.eu\\\/#website\",\"url\":\"https:\\\/\\\/ajmonnet.eu\\\/\",\"name\":\"Association Jean Monnet\",\"description\":\"Faire vivre au temps pr\u00e9sent les id\u00e9es europ\u00e9ennes de Jean Monnet\",\"publisher\":{\"@id\":\"https:\\\/\\\/ajmonnet.eu\\\/#organization\"},\"alternateName\":\"AJM\",\"potentialAction\":[{\"@type\":\"SearchAction\",\"target\":{\"@type\":\"EntryPoint\",\"urlTemplate\":\"https:\\\/\\\/ajmonnet.eu\\\/?s={search_term_string}\"},\"query-input\":{\"@type\":\"PropertyValueSpecification\",\"valueRequired\":true,\"valueName\":\"search_term_string\"}}],\"inLanguage\":\"pt-PT\"},{\"@type\":\"Organization\",\"@id\":\"https:\\\/\\\/ajmonnet.eu\\\/#organization\",\"name\":\"ASSOCIATION JEAN MONNET\",\"alternateName\":\"AJM\",\"url\":\"https:\\\/\\\/ajmonnet.eu\\\/\",\"logo\":{\"@type\":\"ImageObject\",\"inLanguage\":\"pt-PT\",\"@id\":\"https:\\\/\\\/ajmonnet.eu\\\/#\\\/schema\\\/logo\\\/image\\\/\",\"url\":\"https:\\\/\\\/ajmonnet.eu\\\/wp-content\\\/uploads\\\/2022\\\/04\\\/AJM-Logo-Color.png\",\"contentUrl\":\"https:\\\/\\\/ajmonnet.eu\\\/wp-content\\\/uploads\\\/2022\\\/04\\\/AJM-Logo-Color.png\",\"width\":386,\"height\":241,\"caption\":\"ASSOCIATION JEAN MONNET\"},\"image\":{\"@id\":\"https:\\\/\\\/ajmonnet.eu\\\/#\\\/schema\\\/logo\\\/image\\\/\"},\"sameAs\":[\"https:\\\/\\\/www.facebook.com\\\/associationjeanmonnet\",\"https:\\\/\\\/x.com\\\/AJMonnet\",\"https:\\\/\\\/www.linkedin.com\\\/company\\\/association-jean-monnet\",\"https:\\\/\\\/bsky.app\\\/profile\\\/ajeanmonnet.bsky.social\"]}]}<\/script>\n<!-- \/ Yoast SEO plugin. -->","yoast_head_json":{"title":"Comit\u00e9 d'Action pour les Etats-Unis d'Europe","description":"Associa\u00e7\u00e3o Jean Monnet - Um grupo de reflex\u00e3o europeu, a Associa\u00e7\u00e3o Jean Monnet organiza regularmente eventos sobre assuntos europeus actuais.","robots":{"index":"index","follow":"follow","max-snippet":"max-snippet:-1","max-image-preview":"max-image-preview:large","max-video-preview":"max-video-preview:-1"},"canonical":"https:\/\/ajmonnet.eu\/pt\/events\/comite-daction-pour-les-etats-unis-deurope\/","og_locale":"pt_PT","og_type":"article","og_title":"Comit\u00e9 d'Action pour les Etats-Unis d'Europe","og_description":"Association Jean Monnet - Think tank Europ\u00e9en, l'association Jean Monnet propose r\u00e9guli\u00e8rement des \u00e9v\u00e8nements sur l'actualit\u00e9 europ\u00e9enne.","og_url":"https:\/\/ajmonnet.eu\/pt\/events\/comite-daction-pour-les-etats-unis-deurope\/","og_site_name":"Association Jean Monnet","article_publisher":"https:\/\/www.facebook.com\/associationjeanmonnet","article_modified_time":"2026-08-30T11:22:30+00:00","og_image":[{"width":1170,"height":1457,"url":"https:\/\/ajmonnet.eu\/wp-content\/uploads\/2026\/08\/WhatsApp-Image-2026-08-30-at-12.29.07.jpeg","type":"image\/jpeg"}],"twitter_card":"summary_large_image","twitter_site":"@AJMonnet","twitter_misc":{"Tempo estimado de leitura":"2 minutos"},"schema":{"@context":"https:\/\/schema.org","@graph":[{"@type":"WebPage","@id":"https:\/\/ajmonnet.eu\/events\/comite-daction-pour-les-etats-unis-deurope\/","url":"https:\/\/ajmonnet.eu\/events\/comite-daction-pour-les-etats-unis-deurope\/","name":"Comit\u00e9 d'Action pour les Etats-Unis d'Europe","isPartOf":{"@id":"https:\/\/ajmonnet.eu\/#website"},"primaryImageOfPage":{"@id":"https:\/\/ajmonnet.eu\/events\/comite-daction-pour-les-etats-unis-deurope\/#primaryimage"},"image":{"@id":"https:\/\/ajmonnet.eu\/events\/comite-daction-pour-les-etats-unis-deurope\/#primaryimage"},"thumbnailUrl":"https:\/\/ajmonnet.eu\/wp-content\/uploads\/2026\/08\/WhatsApp-Image-2026-08-30-at-12.29.07.jpeg","datePublished":"2026-08-30T10:48:43+00:00","dateModified":"2026-08-30T11:22:30+00:00","description":"Associa\u00e7\u00e3o Jean Monnet - Um grupo de reflex\u00e3o europeu, a Associa\u00e7\u00e3o Jean Monnet organiza regularmente eventos sobre assuntos europeus actuais.","breadcrumb":{"@id":"https:\/\/ajmonnet.eu\/events\/comite-daction-pour-les-etats-unis-deurope\/#breadcrumb"},"inLanguage":"pt-PT","potentialAction":[{"@type":"ReadAction","target":["https:\/\/ajmonnet.eu\/events\/comite-daction-pour-les-etats-unis-deurope\/"]}]},{"@type":"ImageObject","inLanguage":"pt-PT","@id":"https:\/\/ajmonnet.eu\/events\/comite-daction-pour-les-etats-unis-deurope\/#primaryimage","url":"https:\/\/ajmonnet.eu\/wp-content\/uploads\/2026\/08\/WhatsApp-Image-2026-08-30-at-12.29.07.jpeg","contentUrl":"https:\/\/ajmonnet.eu\/wp-content\/uploads\/2026\/08\/WhatsApp-Image-2026-08-30-at-12.29.07.jpeg","width":1170,"height":1457},{"@type":"BreadcrumbList","@id":"https:\/\/ajmonnet.eu\/events\/comite-daction-pour-les-etats-unis-deurope\/#breadcrumb","itemListElement":[{"@type":"ListItem","position":1,"name":"Home","item":"https:\/\/ajmonnet.eu\/"},{"@type":"ListItem","position":2,"name":"Events","item":"http:\/\/ajmonnet.eu\/pl\/events\/"},{"@type":"ListItem","position":3,"name":"Comit\u00e9 d&rsquo;Action pour les Etats-Unis d&rsquo;Europe"}]},{"@type":"WebSite","@id":"https:\/\/ajmonnet.eu\/#website","url":"https:\/\/ajmonnet.eu\/","name":"Associa\u00e7\u00e3o Jean Monnet","description":"Dando vida \u00e0s ideias europeias de Jean Monnet no presente","publisher":{"@id":"https:\/\/ajmonnet.eu\/#organization"},"alternateName":"AJM","potentialAction":[{"@type":"SearchAction","target":{"@type":"EntryPoint","urlTemplate":"https:\/\/ajmonnet.eu\/?s={search_term_string}"},"query-input":{"@type":"PropertyValueSpecification","valueRequired":true,"valueName":"search_term_string"}}],"inLanguage":"pt-PT"},{"@type":"Organization","@id":"https:\/\/ajmonnet.eu\/#organization","name":"ASSOCIA\u00c7\u00c3O JEAN MONNET","alternateName":"AJM","url":"https:\/\/ajmonnet.eu\/","logo":{"@type":"ImageObject","inLanguage":"pt-PT","@id":"https:\/\/ajmonnet.eu\/#\/schema\/logo\/image\/","url":"https:\/\/ajmonnet.eu\/wp-content\/uploads\/2022\/04\/AJM-Logo-Color.png","contentUrl":"https:\/\/ajmonnet.eu\/wp-content\/uploads\/2022\/04\/AJM-Logo-Color.png","width":386,"height":241,"caption":"ASSOCIATION JEAN MONNET"},"image":{"@id":"https:\/\/ajmonnet.eu\/#\/schema\/logo\/image\/"},"sameAs":["https:\/\/www.facebook.com\/associationjeanmonnet","https:\/\/x.com\/AJMonnet","https:\/\/www.linkedin.com\/company\/association-jean-monnet","https:\/\/bsky.app\/profile\/ajeanmonnet.bsky.social"]}]}},"_links":{"self":[{"href":"https:\/\/ajmonnet.eu\/pt\/wp-json\/wp\/v2\/events\/4797","targetHints":{"allow":["GET"]}}],"collection":[{"href":"https:\/\/ajmonnet.eu\/pt\/wp-json\/wp\/v2\/events"}],"about":[{"href":"https:\/\/ajmonnet.eu\/pt\/wp-json\/wp\/v2\/types\/events"}],"wp:featuredmedia":[{"embeddable":true,"href":"https:\/\/ajmonnet.eu\/pt\/wp-json\/wp\/v2\/media\/4798"}],"wp:attachment":[{"href":"https:\/\/ajmonnet.eu\/pt\/wp-json\/wp\/v2\/media?parent=4797"}],"wp:term":[{"taxonomy":"category","embeddable":true,"href":"https:\/\/ajmonnet.eu\/pt\/wp-json\/wp\/v2\/categories?post=4797"}],"curies":[{"name":"wp","href":"https:\/\/api.w.org\/{rel}","templated":true}]}}