{"id":3478,"date":"2023-11-20T21:32:05","date_gmt":"2023-11-20T21:32:05","guid":{"rendered":"https:\/\/ajmonnet.eu\/?post_type=events&#038;p=3478"},"modified":"2023-12-19T21:36:33","modified_gmt":"2023-12-19T21:36:33","slug":"leurope-vue-des-balkans-occidentaux","status":"publish","type":"events","link":"https:\/\/ajmonnet.eu\/pt\/events\/leurope-vue-des-balkans-occidentaux\/","title":{"rendered":"A vis\u00e3o dos Balc\u00e3s sobre a Europa"},"content":{"rendered":"<p>Duas d\u00e9cadas ap\u00f3s a Cimeira de Sal\u00f3nica de 2003, analisamos os actuais desafios da integra\u00e7\u00e3o da UE nos Balc\u00e3s Ocidentais. Apesar do entusiasmo inicial, o caminho para a integra\u00e7\u00e3o tornou-se complexo e complicado.<br>No \u00e2mbito do <em><strong>nomea\u00e7\u00e3o<\/strong> <\/em>da Associa\u00e7\u00e3o Jean Monnet, esta confer\u00eancia em linha explorar\u00e1 a forma como a Uni\u00e3o Europeia \u00e9 vista e como os desafios da integra\u00e7\u00e3o s\u00e3o encarados pela sociedade civil nos Balc\u00e3s Ocidentais.&nbsp;<\/p>\n\n\n\n<p>A palavra \u00e9 dada a peritos de longa data da sociedade civil para partilharem a sua vis\u00e3o e opini\u00f5es com base na sua experi\u00eancia.<\/p>\n\n\n\n<figure class=\"wp-block-embed aligncenter is-type-video is-provider-youtube wp-block-embed-youtube wp-embed-aspect-16-9 wp-has-aspect-ratio\"><div class=\"wp-block-embed__wrapper\">\n<iframe loading=\"lazy\" title=\"Associa\u00e7\u00e3o Jean Monnet - A vis\u00e3o dos Balc\u00e3s sobre a Europa\" width=\"500\" height=\"281\" src=\"https:\/\/www.youtube.com\/embed\/MLzrRtomj_U?feature=oembed\" frameborder=\"0\" allow=\"accelerometer; autoplay; clipboard-write; encrypted-media; gyroscope; picture-in-picture; web-share\" referrerpolicy=\"strict-origin-when-cross-origin\" allowfullscreen><\/iframe>\n<\/div><\/figure>\n\n\n\n<p><strong>Oradores:<\/strong><\/p>\n\n\n<div class=\"wp-block-image\">\n<figure class=\"alignleft\"><img loading=\"lazy\" decoding=\"async\" width=\"300\" height=\"300\" src=\"http:\/\/ajmonnet.eu\/wp-content\/uploads\/2023\/11\/1594998175087-300x300.jpg\" alt=\"\" class=\"wp-image-3479\"\/><\/figure>\n<\/div>\n\n\n<p><strong>Dina Rakin<\/strong><\/p>\n\n\n\n<p>Dina Rakin dedicou mais de uma d\u00e9cada a uma participa\u00e7\u00e3o ativa no sector civil s\u00e9rvio. Convencida de que a Uni\u00e3o Europeia representa a via mais promissora para o progresso da sociedade, forjou a sua carreira no Movimento Europeu na S\u00e9rvia (EMinS), onde trabalhou como investigadora e promotora de neg\u00f3cios. Para al\u00e9m do seu papel de Secret\u00e1ria-Geral Adjunta no EMinS, concentrou-se na funda\u00e7\u00e3o e dirige atualmente a Coliga\u00e7\u00e3o para o Desenvolvimento da Economia Solid\u00e1ria. O seu rico portf\u00f3lio inclui uma vasta experi\u00eancia em gest\u00e3o de projectos, investiga\u00e7\u00e3o de pol\u00edticas p\u00fablicas, defesa e promo\u00e7\u00e3o da colabora\u00e7\u00e3o com diversas partes interessadas. Desempenhou tamb\u00e9m um papel central na cria\u00e7\u00e3o de programas de tutoria para mulheres na S\u00e9rvia e no Sudeste da Europa.<\/p>\n\n\n<div class=\"wp-block-image\">\n<figure class=\"alignleft\"><img loading=\"lazy\" decoding=\"async\" width=\"212\" height=\"237\" src=\"http:\/\/ajmonnet.eu\/wp-content\/uploads\/2023\/11\/kcs.jpg\" alt=\"\" class=\"wp-image-3480\"\/><\/figure>\n<\/div>\n\n\n<p><strong>Taulant Hoxha - Funda\u00e7\u00e3o da Sociedade Civil Kosovar<\/strong><\/p>\n\n\n\n<p>Ativista da sociedade civil h\u00e1 mais de uma d\u00e9cada. Trabalha principalmente nos dom\u00ednios do desenvolvimento da sociedade civil, incluindo a participa\u00e7\u00e3o da sociedade civil nos processos de decis\u00e3o pol\u00edtica, o di\u00e1logo sociedade civil-governo, o financiamento p\u00fablico da sociedade civil e o quadro jur\u00eddico da sociedade civil. Experi\u00eancia espec\u00edfica no dom\u00ednio da concess\u00e3o de novas subven\u00e7\u00f5es \u00e0 sociedade civil. Experi\u00eancia em investiga\u00e7\u00e3o, defesa de causas, elabora\u00e7\u00e3o de pol\u00edticas e de legisla\u00e7\u00e3o, bem como em gest\u00e3o de projectos e de recursos humanos no sector n\u00e3o lucrativo.<\/p>\n\n\n<div class=\"wp-block-image\">\n<figure class=\"alignleft\"><img loading=\"lazy\" decoding=\"async\" width=\"198\" height=\"156\" src=\"http:\/\/ajmonnet.eu\/wp-content\/uploads\/2023\/11\/Biljana-Spasovska.jpg\" alt=\"\" class=\"wp-image-3481\" srcset=\"https:\/\/ajmonnet.eu\/wp-content\/uploads\/2023\/11\/Biljana-Spasovska.jpg 198w, https:\/\/ajmonnet.eu\/wp-content\/uploads\/2023\/11\/Biljana-Spasovska-15x12.jpg 15w\" sizes=\"auto, (max-width: 198px) 100vw, 198px\" \/><\/figure>\n<\/div>\n\n\n<p><strong>Biljana Spasovska - Diretora-geral do BCSD<\/strong><br>Biljana tem mais de uma d\u00e9cada de experi\u00eancia na promo\u00e7\u00e3o da sociedade civil, dos valores democr\u00e1ticos, da pol\u00edtica de alargamento da UE e de uma coopera\u00e7\u00e3o global eficaz. Como directora executiva da Rede de Desenvolvimento da Sociedade Civil dos Balc\u00e3s (BCSDN), lidera uma rede regional dedicada a refor\u00e7ar a voz da sociedade civil na tomada de decis\u00f5es e na elabora\u00e7\u00e3o de pol\u00edticas a n\u00edvel nacional, regional e europeu. Participa ativamente nas iniciativas de v\u00e1rias organiza\u00e7\u00f5es n\u00e3o governamentais internacionais (ONGI) dedicadas \u00e0 democracia e \u00e0 promo\u00e7\u00e3o dos direitos humanos nos Balc\u00e3s e n\u00e3o s\u00f3. Atualmente, \u00e9 copresidente da Parceria Global das Organiza\u00e7\u00f5es da Sociedade Civil para a Efic\u00e1cia do Desenvolvimento, que desempenha um papel central na defini\u00e7\u00e3o de di\u00e1logos e quadros internacionais para uma pr\u00e1tica de desenvolvimento eficaz. Biljana est\u00e1 a tirar um doutoramento em Globaliza\u00e7\u00e3o e Democracia, com base na sua forma\u00e7\u00e3o acad\u00e9mica com um mestrado em Estudos Interdisciplinares da Europa Oriental pela Universidade de Bolonha. A Rede de Desenvolvimento da Sociedade Civil dos Balc\u00e3s (BCSDN) \u00e9 uma rede de 14 organiza\u00e7\u00f5es da sociedade civil de 11 pa\u00edses dos Balc\u00e3s (Alb\u00e2nia, B\u00f3snia e Herzegovina, Bulg\u00e1ria, Cro\u00e1cia, Kosovo, Rom\u00e9nia, Montenegro, Maced\u00f3nia do Norte, Eslov\u00e9nia, S\u00e9rvia e Turquia).<\/p>\n\n\n<div class=\"wp-block-image\">\n<figure class=\"alignleft\"><img loading=\"lazy\" decoding=\"async\" width=\"200\" height=\"200\" src=\"http:\/\/ajmonnet.eu\/wp-content\/uploads\/2023\/11\/1607409123158.jpg\" alt=\"\" class=\"wp-image-3482\" srcset=\"https:\/\/ajmonnet.eu\/wp-content\/uploads\/2023\/11\/1607409123158.jpg 200w, https:\/\/ajmonnet.eu\/wp-content\/uploads\/2023\/11\/1607409123158-150x150.jpg 150w, https:\/\/ajmonnet.eu\/wp-content\/uploads\/2023\/11\/1607409123158-12x12.jpg 12w\" sizes=\"auto, (max-width: 200px) 100vw, 200px\" \/><\/figure>\n<\/div>\n\n\n<p><strong>Daliborka Uljarevi\u0107 - Directora do Centro de Educa\u00e7\u00e3o C\u00edvica<br><\/strong>Daliborka Uljarevi\u0107 \u00e9 directora executiva de uma das ONG mais influentes do Montenegro, o Centro de Educa\u00e7\u00e3o C\u00edvica (CCE\/CGO), e membro do conselho de administra\u00e7\u00e3o de v\u00e1rias ONG montenegrinas de renome. \u00c9 cientista pol\u00edtica, licenciada em rela\u00e7\u00f5es internacionais pela Faculdade de Ci\u00eancias Pol\u00edticas da Universidade de Belgrado, e especializou-se em sistemas pol\u00edticos, assuntos europeus, pol\u00edtica dos media, direitos humanos e sociedade civil em universidades montenegrinas e internacionais. <br>A um n\u00edvel mais alargado, \u00e9 membro do conselho regional da coliga\u00e7\u00e3o para a RECOM e do Grupo de Estrat\u00e9gia para os Balc\u00e3s Ocidentais da HBS. At\u00e9 recentemente, foi membro do Conselho Consultivo para os Balc\u00e3s Ocidentais da Open Society Foundations (OSF). A sua experi\u00eancia profissional anterior \u00e9 em meios de comunica\u00e7\u00e3o social internacionais (BBC World) e organiza\u00e7\u00f5es (Conselho da Europa, OSCE, IFES), e \u00e9 frequentemente contratada como consultora. \u00c9 (co-)autora e editora de uma s\u00e9rie de publica\u00e7\u00f5es e artigos no dom\u00ednio da democratiza\u00e7\u00e3o e da europeiza\u00e7\u00e3o, e uma das principais analistas pol\u00edticas do Montenegro, frequentemente citada nos meios de comunica\u00e7\u00e3o social montenegrinos, regionais e internacionais.<\/p>\n\n\n<div class=\"wp-block-image\">\n<figure class=\"alignleft\"><img loading=\"lazy\" decoding=\"async\" width=\"200\" height=\"200\" src=\"http:\/\/ajmonnet.eu\/wp-content\/uploads\/2023\/11\/1608211561364.jpg\" alt=\"\" class=\"wp-image-3483\" srcset=\"https:\/\/ajmonnet.eu\/wp-content\/uploads\/2023\/11\/1608211561364.jpg 200w, https:\/\/ajmonnet.eu\/wp-content\/uploads\/2023\/11\/1608211561364-150x150.jpg 150w, https:\/\/ajmonnet.eu\/wp-content\/uploads\/2023\/11\/1608211561364-12x12.jpg 12w\" sizes=\"auto, (max-width: 200px) 100vw, 200px\" \/><\/figure>\n<\/div>\n\n\n<p><strong>Juliana Hoxha - Partners Albania for Change and Development (Parceiros da Alb\u00e2nia para a Mudan\u00e7a e o Desenvolvimento)<\/strong><br>Juliana Hoxha fundou a Partners Albania for Change and Development em 2001 e desde ent\u00e3o tem ocupado o cargo de Directora Executiva.  Ela traz mais de 25 anos de experi\u00eancia profissional em institui\u00e7\u00f5es e capacita\u00e7\u00e3o no sector sem fins lucrativos e no governo local, com extensa experi\u00eancia em treinamento e consultoria nos Balc\u00e3s, Oriente M\u00e9dio e pa\u00edses da Parceria Oriental. Ajudou a criar e a facilitar o primeiro grupo de trabalho ONG-governo sobre a elabora\u00e7\u00e3o de uma nova lei das ONG na Alb\u00e2nia em 1996 e, desde ent\u00e3o, tem liderado a campanha nacional de defesa do ambiente favor\u00e1vel \u00e0 sociedade civil na Alb\u00e2nia.<\/p>\n\n\n\n<p>Antes de iniciar os Companheiros na Alb\u00e2nia, Juliana Hoxha gerenciou dois programas de grande escala financiados pela USAID, apoiando o desenvolvimento da capacidade da sociedade civil em advocacia e presta\u00e7\u00e3o de servi\u00e7os, incluindo um programa de reabilita\u00e7\u00e3o de infraestrutura.<\/p>\n\n\n\n<p>Com uma s\u00f3lida forma\u00e7\u00e3o acad\u00e9mica e de investiga\u00e7\u00e3o, liderou esfor\u00e7os de defesa baseados na investiga\u00e7\u00e3o sobre o desenvolvimento de incentivos e pr\u00e1ticas legais para o empreendedorismo social e a filantropia na Alb\u00e2nia. Escreveu numerosos artigos e estudos sobre empresas sociais, ONG e o sector filantr\u00f3pico a n\u00edvel nacional e regional.<\/p>\n\n\n\n<p>Foi eleita membro do Conselho Municipal de Tirana e membro do Congresso dos Poderes Locais e Regionais do Conselho da Europa, onde foi eleita Vice-Presidente para o per\u00edodo 2014-2015.<\/p>\n\n\n\n<p>A Sra. Hoxha tem uma licenciatura e um mestrado em Hist\u00f3ria pela Universidade de Tirana e um mestrado em Gest\u00e3o de Empresas e TIC pela Universidade de Sheffield. \u00c9 membro das escolas Chevening e Harvard Kennedy e \u00e9 fluente em ingl\u00eas e italiano.<\/p>","protected":false},"featured_media":2876,"template":"","categories":[31],"class_list":["post-3478","events","type-events","status-publish","has-post-thumbnail","hentry","category-actualite"],"acf":[],"yoast_head":"<!-- This site is optimized with the Yoast SEO plugin v27.4 - https:\/\/yoast.com\/product\/yoast-seo-wordpress\/ -->\n<title>La vision de l&#039;Europe par les Balkans<\/title>\n<meta name=\"description\" content=\"Association Jean Monnet - Think tank Europ\u00e9en, l&#039;association Jean Monnet propose r\u00e9guli\u00e8rement des \u00e9v\u00e8nements sur l&#039;actualit\u00e9 europ\u00e9enne.\" \/>\n<meta name=\"robots\" content=\"index, follow, max-snippet:-1, max-image-preview:large, max-video-preview:-1\" \/>\n<link rel=\"canonical\" href=\"http:\/\/ajmonnet.eu\/pt\/events\/leurope-vue-des-balkans-occidentaux\/\" \/>\n<meta property=\"og:locale\" content=\"pt_PT\" \/>\n<meta property=\"og:type\" content=\"article\" \/>\n<meta property=\"og:title\" content=\"La vision de l&#039;Europe par les Balkans\" \/>\n<meta property=\"og:description\" content=\"Association Jean Monnet - Think tank Europ\u00e9en, l&#039;association Jean Monnet propose r\u00e9guli\u00e8rement des \u00e9v\u00e8nements sur l&#039;actualit\u00e9 europ\u00e9enne.\" \/>\n<meta property=\"og:url\" content=\"http:\/\/ajmonnet.eu\/pt\/events\/leurope-vue-des-balkans-occidentaux\/\" \/>\n<meta property=\"og:site_name\" content=\"Association Jean Monnet\" \/>\n<meta property=\"article:publisher\" content=\"https:\/\/www.facebook.com\/associationjeanmonnet\" \/>\n<meta property=\"article:modified_time\" content=\"2023-12-19T21:36:33+00:00\" \/>\n<meta property=\"og:image\" content=\"https:\/\/ajmonnet.eu\/wp-content\/uploads\/2022\/11\/Les-Rendez-Vous-de-lAJM.jpg\" \/>\n\t<meta property=\"og:image:width\" content=\"1920\" \/>\n\t<meta property=\"og:image:height\" content=\"1080\" \/>\n\t<meta property=\"og:image:type\" content=\"image\/jpeg\" \/>\n<meta name=\"twitter:card\" content=\"summary_large_image\" \/>\n<meta name=\"twitter:site\" content=\"@AJMonnet\" \/>\n<meta name=\"twitter:label1\" content=\"Tempo estimado de leitura\" \/>\n\t<meta name=\"twitter:data1\" content=\"7 minutos\" \/>\n<script type=\"application\/ld+json\" class=\"yoast-schema-graph\">{\"@context\":\"https:\\\/\\\/schema.org\",\"@graph\":[{\"@type\":\"WebPage\",\"@id\":\"http:\\\/\\\/ajmonnet.eu\\\/pt\\\/events\\\/leurope-vue-des-balkans-occidentaux\\\/\",\"url\":\"http:\\\/\\\/ajmonnet.eu\\\/pt\\\/events\\\/leurope-vue-des-balkans-occidentaux\\\/\",\"name\":\"La vision de l'Europe par les Balkans\",\"isPartOf\":{\"@id\":\"https:\\\/\\\/ajmonnet.eu\\\/#website\"},\"primaryImageOfPage\":{\"@id\":\"http:\\\/\\\/ajmonnet.eu\\\/pt\\\/events\\\/leurope-vue-des-balkans-occidentaux\\\/#primaryimage\"},\"image\":{\"@id\":\"http:\\\/\\\/ajmonnet.eu\\\/pt\\\/events\\\/leurope-vue-des-balkans-occidentaux\\\/#primaryimage\"},\"thumbnailUrl\":\"https:\\\/\\\/ajmonnet.eu\\\/wp-content\\\/uploads\\\/2022\\\/11\\\/Les-Rendez-Vous-de-lAJM.jpg\",\"datePublished\":\"2023-11-20T21:32:05+00:00\",\"dateModified\":\"2023-12-19T21:36:33+00:00\",\"description\":\"Association Jean Monnet - Think tank Europ\u00e9en, l'association Jean Monnet propose r\u00e9guli\u00e8rement des \u00e9v\u00e8nements sur l'actualit\u00e9 europ\u00e9enne.\",\"breadcrumb\":{\"@id\":\"http:\\\/\\\/ajmonnet.eu\\\/pt\\\/events\\\/leurope-vue-des-balkans-occidentaux\\\/#breadcrumb\"},\"inLanguage\":\"pt-PT\",\"potentialAction\":[{\"@type\":\"ReadAction\",\"target\":[\"http:\\\/\\\/ajmonnet.eu\\\/pt\\\/events\\\/leurope-vue-des-balkans-occidentaux\\\/\"]}]},{\"@type\":\"ImageObject\",\"inLanguage\":\"pt-PT\",\"@id\":\"http:\\\/\\\/ajmonnet.eu\\\/pt\\\/events\\\/leurope-vue-des-balkans-occidentaux\\\/#primaryimage\",\"url\":\"https:\\\/\\\/ajmonnet.eu\\\/wp-content\\\/uploads\\\/2022\\\/11\\\/Les-Rendez-Vous-de-lAJM.jpg\",\"contentUrl\":\"https:\\\/\\\/ajmonnet.eu\\\/wp-content\\\/uploads\\\/2022\\\/11\\\/Les-Rendez-Vous-de-lAJM.jpg\",\"width\":1920,\"height\":1080},{\"@type\":\"BreadcrumbList\",\"@id\":\"http:\\\/\\\/ajmonnet.eu\\\/pt\\\/events\\\/leurope-vue-des-balkans-occidentaux\\\/#breadcrumb\",\"itemListElement\":[{\"@type\":\"ListItem\",\"position\":1,\"name\":\"Home\",\"item\":\"https:\\\/\\\/ajmonnet.eu\\\/\"},{\"@type\":\"ListItem\",\"position\":2,\"name\":\"Events\",\"item\":\"http:\\\/\\\/ajmonnet.eu\\\/pl\\\/events\\\/\"},{\"@type\":\"ListItem\",\"position\":3,\"name\":\"La vision de l&rsquo;Europe par les Balkans\"}]},{\"@type\":\"WebSite\",\"@id\":\"https:\\\/\\\/ajmonnet.eu\\\/#website\",\"url\":\"https:\\\/\\\/ajmonnet.eu\\\/\",\"name\":\"Association Jean Monnet\",\"description\":\"Faire vivre au temps pr\u00e9sent les id\u00e9es europ\u00e9ennes de Jean Monnet\",\"publisher\":{\"@id\":\"https:\\\/\\\/ajmonnet.eu\\\/#organization\"},\"alternateName\":\"AJM\",\"potentialAction\":[{\"@type\":\"SearchAction\",\"target\":{\"@type\":\"EntryPoint\",\"urlTemplate\":\"https:\\\/\\\/ajmonnet.eu\\\/?s={search_term_string}\"},\"query-input\":{\"@type\":\"PropertyValueSpecification\",\"valueRequired\":true,\"valueName\":\"search_term_string\"}}],\"inLanguage\":\"pt-PT\"},{\"@type\":\"Organization\",\"@id\":\"https:\\\/\\\/ajmonnet.eu\\\/#organization\",\"name\":\"ASSOCIATION JEAN MONNET\",\"alternateName\":\"AJM\",\"url\":\"https:\\\/\\\/ajmonnet.eu\\\/\",\"logo\":{\"@type\":\"ImageObject\",\"inLanguage\":\"pt-PT\",\"@id\":\"https:\\\/\\\/ajmonnet.eu\\\/#\\\/schema\\\/logo\\\/image\\\/\",\"url\":\"https:\\\/\\\/ajmonnet.eu\\\/wp-content\\\/uploads\\\/2022\\\/04\\\/AJM-Logo-Color.png\",\"contentUrl\":\"https:\\\/\\\/ajmonnet.eu\\\/wp-content\\\/uploads\\\/2022\\\/04\\\/AJM-Logo-Color.png\",\"width\":386,\"height\":241,\"caption\":\"ASSOCIATION JEAN MONNET\"},\"image\":{\"@id\":\"https:\\\/\\\/ajmonnet.eu\\\/#\\\/schema\\\/logo\\\/image\\\/\"},\"sameAs\":[\"https:\\\/\\\/www.facebook.com\\\/associationjeanmonnet\",\"https:\\\/\\\/x.com\\\/AJMonnet\",\"https:\\\/\\\/www.linkedin.com\\\/company\\\/association-jean-monnet\",\"https:\\\/\\\/bsky.app\\\/profile\\\/ajeanmonnet.bsky.social\"]}]}<\/script>\n<!-- \/ Yoast SEO plugin. -->","yoast_head_json":{"title":"A vis\u00e3o dos Balc\u00e3s sobre a Europa","description":"Associa\u00e7\u00e3o Jean Monnet - Um grupo de reflex\u00e3o europeu, a Associa\u00e7\u00e3o Jean Monnet organiza regularmente eventos sobre assuntos europeus actuais.","robots":{"index":"index","follow":"follow","max-snippet":"max-snippet:-1","max-image-preview":"max-image-preview:large","max-video-preview":"max-video-preview:-1"},"canonical":"http:\/\/ajmonnet.eu\/pt\/events\/leurope-vue-des-balkans-occidentaux\/","og_locale":"pt_PT","og_type":"article","og_title":"La vision de l'Europe par les Balkans","og_description":"Association Jean Monnet - Think tank Europ\u00e9en, l'association Jean Monnet propose r\u00e9guli\u00e8rement des \u00e9v\u00e8nements sur l'actualit\u00e9 europ\u00e9enne.","og_url":"http:\/\/ajmonnet.eu\/pt\/events\/leurope-vue-des-balkans-occidentaux\/","og_site_name":"Association Jean Monnet","article_publisher":"https:\/\/www.facebook.com\/associationjeanmonnet","article_modified_time":"2023-12-19T21:36:33+00:00","og_image":[{"width":1920,"height":1080,"url":"https:\/\/ajmonnet.eu\/wp-content\/uploads\/2022\/11\/Les-Rendez-Vous-de-lAJM.jpg","type":"image\/jpeg"}],"twitter_card":"summary_large_image","twitter_site":"@AJMonnet","twitter_misc":{"Tempo estimado de leitura":"7 minutos"},"schema":{"@context":"https:\/\/schema.org","@graph":[{"@type":"WebPage","@id":"http:\/\/ajmonnet.eu\/pt\/events\/leurope-vue-des-balkans-occidentaux\/","url":"http:\/\/ajmonnet.eu\/pt\/events\/leurope-vue-des-balkans-occidentaux\/","name":"A vis\u00e3o dos Balc\u00e3s sobre a Europa","isPartOf":{"@id":"https:\/\/ajmonnet.eu\/#website"},"primaryImageOfPage":{"@id":"http:\/\/ajmonnet.eu\/pt\/events\/leurope-vue-des-balkans-occidentaux\/#primaryimage"},"image":{"@id":"http:\/\/ajmonnet.eu\/pt\/events\/leurope-vue-des-balkans-occidentaux\/#primaryimage"},"thumbnailUrl":"https:\/\/ajmonnet.eu\/wp-content\/uploads\/2022\/11\/Les-Rendez-Vous-de-lAJM.jpg","datePublished":"2023-11-20T21:32:05+00:00","dateModified":"2023-12-19T21:36:33+00:00","description":"Associa\u00e7\u00e3o Jean Monnet - Um grupo de reflex\u00e3o europeu, a Associa\u00e7\u00e3o Jean Monnet organiza regularmente eventos sobre assuntos europeus actuais.","breadcrumb":{"@id":"http:\/\/ajmonnet.eu\/pt\/events\/leurope-vue-des-balkans-occidentaux\/#breadcrumb"},"inLanguage":"pt-PT","potentialAction":[{"@type":"ReadAction","target":["http:\/\/ajmonnet.eu\/pt\/events\/leurope-vue-des-balkans-occidentaux\/"]}]},{"@type":"ImageObject","inLanguage":"pt-PT","@id":"http:\/\/ajmonnet.eu\/pt\/events\/leurope-vue-des-balkans-occidentaux\/#primaryimage","url":"https:\/\/ajmonnet.eu\/wp-content\/uploads\/2022\/11\/Les-Rendez-Vous-de-lAJM.jpg","contentUrl":"https:\/\/ajmonnet.eu\/wp-content\/uploads\/2022\/11\/Les-Rendez-Vous-de-lAJM.jpg","width":1920,"height":1080},{"@type":"BreadcrumbList","@id":"http:\/\/ajmonnet.eu\/pt\/events\/leurope-vue-des-balkans-occidentaux\/#breadcrumb","itemListElement":[{"@type":"ListItem","position":1,"name":"Home","item":"https:\/\/ajmonnet.eu\/"},{"@type":"ListItem","position":2,"name":"Events","item":"http:\/\/ajmonnet.eu\/pl\/events\/"},{"@type":"ListItem","position":3,"name":"La vision de l&rsquo;Europe par les Balkans"}]},{"@type":"WebSite","@id":"https:\/\/ajmonnet.eu\/#website","url":"https:\/\/ajmonnet.eu\/","name":"Associa\u00e7\u00e3o Jean Monnet","description":"Dando vida \u00e0s ideias europeias de Jean Monnet no presente","publisher":{"@id":"https:\/\/ajmonnet.eu\/#organization"},"alternateName":"AJM","potentialAction":[{"@type":"SearchAction","target":{"@type":"EntryPoint","urlTemplate":"https:\/\/ajmonnet.eu\/?s={search_term_string}"},"query-input":{"@type":"PropertyValueSpecification","valueRequired":true,"valueName":"search_term_string"}}],"inLanguage":"pt-PT"},{"@type":"Organization","@id":"https:\/\/ajmonnet.eu\/#organization","name":"ASSOCIA\u00c7\u00c3O JEAN MONNET","alternateName":"AJM","url":"https:\/\/ajmonnet.eu\/","logo":{"@type":"ImageObject","inLanguage":"pt-PT","@id":"https:\/\/ajmonnet.eu\/#\/schema\/logo\/image\/","url":"https:\/\/ajmonnet.eu\/wp-content\/uploads\/2022\/04\/AJM-Logo-Color.png","contentUrl":"https:\/\/ajmonnet.eu\/wp-content\/uploads\/2022\/04\/AJM-Logo-Color.png","width":386,"height":241,"caption":"ASSOCIATION JEAN MONNET"},"image":{"@id":"https:\/\/ajmonnet.eu\/#\/schema\/logo\/image\/"},"sameAs":["https:\/\/www.facebook.com\/associationjeanmonnet","https:\/\/x.com\/AJMonnet","https:\/\/www.linkedin.com\/company\/association-jean-monnet","https:\/\/bsky.app\/profile\/ajeanmonnet.bsky.social"]}]}},"_links":{"self":[{"href":"https:\/\/ajmonnet.eu\/pt\/wp-json\/wp\/v2\/events\/3478","targetHints":{"allow":["GET"]}}],"collection":[{"href":"https:\/\/ajmonnet.eu\/pt\/wp-json\/wp\/v2\/events"}],"about":[{"href":"https:\/\/ajmonnet.eu\/pt\/wp-json\/wp\/v2\/types\/events"}],"wp:featuredmedia":[{"embeddable":true,"href":"https:\/\/ajmonnet.eu\/pt\/wp-json\/wp\/v2\/media\/2876"}],"wp:attachment":[{"href":"https:\/\/ajmonnet.eu\/pt\/wp-json\/wp\/v2\/media?parent=3478"}],"wp:term":[{"taxonomy":"category","embeddable":true,"href":"https:\/\/ajmonnet.eu\/pt\/wp-json\/wp\/v2\/categories?post=3478"}],"curies":[{"name":"wp","href":"https:\/\/api.w.org\/{rel}","templated":true}]}}