{"id":563,"date":"2022-03-29T10:57:06","date_gmt":"2022-03-29T10:57:06","guid":{"rendered":"https:\/\/ajmonnet.eu\/?post_type=members&#038;p=563"},"modified":"2025-12-01T15:21:00","modified_gmt":"2025-12-01T13:21:00","slug":"olivier-vedrine","status":"publish","type":"members","link":"https:\/\/ajmonnet.eu\/pl\/members\/olivier-vedrine\/","title":{"rendered":"Olivier V\u00e9drine"},"content":{"rendered":"<p>Olivier V\u00e9drine jest profesorem, dziennikarzem i by\u0142ym wyk\u0142adowc\u0105 Komisji Europejskiej w sieci eksperckiej Team Europe (2007-2014).<\/p>\n\n\n\n<p>Jest cz\u0142onkiem zarz\u0105du Rosyjskiego Klubu Demokratycznego we Francji. <\/p>\n\n\n\n<p>Jest sta\u0142ym wsp\u00f3\u0142pracownikiem LCI, BFMTV, Franceinfo TV i zagranicznych telewizji, a tak\u017ce pisze w czasopi\u015bmie <a href=\"https:\/\/www.tdg.ch\/author\/93870559\/olivier-vedrine\" target=\"_blank\" rel=\"noreferrer noopener\">Tribune de Gen\u00e8ve<\/a>.<\/p>\n\n\n\n<p><strong>Niekt\u00f3re z jego wypowiedzi:<\/strong><\/p>\n\n\n\n<div class=\"wp-block-columns is-layout-flex wp-container-core-columns-is-layout-9d6595d7 wp-block-columns-is-layout-flex\">\n<div class=\"wp-block-column is-layout-flow wp-block-column-is-layout-flow\">\n<ul class=\"wp-block-list\">\n<li><a href=\"https:\/\/www.tdg.ch\/russie-poutine-intensifie-sa-guerre-hybride-contre-leurope-740669967191\">Europa w stanie wojny!<\/a> \u2013 Tribune de Gen\u00e8ve (Szwajcaria) \u2013 13.10.2025<\/li>\n\n\n\n<li>Wsp\u00f3\u0142autor artyku\u0142u : <a href=\"https:\/\/www.liberation.fr\/idees-et-debats\/tribunes\/face-au-cynisme-americain-leurope-peut-encore-sortir-de-son-attentisme-pour-eviter-un-ete-meurtrier-a-lukraine-20250721_ZWM5GG65XZA5XFJVURG6TJ3NAM\/\" target=\"_blank\" rel=\"noreferrer noopener\">W obliczu ameryka\u0144skiego cynizmu Europa wci\u0105\u017c mo\u017ce wyrwa\u0107 si\u0119 z postawy wyczekuj\u0105cej<\/a><a href=\"https:\/\/www.liberation.fr\/idees-et-debats\/tribunes\/face-au-cynisme-americain-leurope-peut-encore-sortir-de-son-attentisme-pour-eviter-un-ete-meurtrier-a-lukraine-20250721_ZWM5GG65XZA5XFJVURG6TJ3NAM\/\">Jak unikn\u0105\u0107 zab\u00f3jczego lata na Ukrainie<\/a> - Lib\u00e9ration - 21.07.2025<\/li>\n\n\n\n<li><a href=\"https:\/\/www.tdg.ch\/mises-au-point-sur-le-nouveau-type-de-guerre-en-ukraine-619854540581\" target=\"_blank\" rel=\"noreferrer noopener\">Aktualne informacje na temat nowego rodzaju wojny na Ukrainie<\/a> - Tribune de Gen\u00e8ve (Szwajcaria) - 11.06.2025<\/li>\n\n\n\n<li><a href=\"https:\/\/www.france24.com\/fr\/vid%C3%A9o\/20250511-guerre-en-ukraine-on-est-loin-d-un-cessez-le-feu-et-encore-plus-loin-d-un-trait%C3%A9-de-paix\" target=\"_blank\" rel=\"noreferrer noopener\">Wywiad na temat wojny na Ukrainie<\/a> - France 24 - 11.05.2025<\/li>\n\n\n\n<li><a href=\"https:\/\/esprit.presse.fr\/actualites\/esprit\/ukraine-l-europe-a-l-heure-des-choix-45950\" target=\"_blank\" rel=\"noreferrer noopener\">Ukraina: Europa staje przed wyborem<\/a> - Wsp\u00f3\u0142sygnatariusz odwo\u0142ania - Revue Esprit<\/li>\n\n\n\n<li><a href=\"https:\/\/www.ladepeche.fr\/2025\/04\/30\/entretien-guerre-en-ukraine-pourquoi-poutine-a-t-il-decrete-une-treve-il-a-peur-des-drones-ukrainiens-le-jour-du-defile-selon-un-specialiste-12666663.php\" target=\"_blank\" rel=\"noreferrer noopener\">Wywiad : Dlaczego Putin og\u0142osi\u0142 rozejm? \"Boi si\u0119 ukrai\u0144skich dron\u00f3w w dniu parady\".<\/a> - La D\u00e9p\u00eache - 30.04.2025 r.<\/li>\n\n\n\n<li><a href=\"https:\/\/www.tdg.ch\/quel-leader-pour-leurope-101726245586\" target=\"_blank\" rel=\"noreferrer noopener\">Kt\u00f3ry lider dla Europy?<\/a> \u2013 <br>Tribune de Gen\u00e8ve (Szwajcaria) - 30.04.2025<\/li>\n\n\n\n<li><a href=\"https:\/\/ajmonnet.eu\/pl\/cest-la-soumission-ou-les-etats-unis-deurope\/\" target=\"_blank\" rel=\"noreferrer noopener\">Albo poddanie si\u0119, albo Stany Zjednoczone Europy<\/a> - Kolumna opinii grupy - Tribune de Gen\u00e8ve (Szwajcaria) - 21.03.2025<\/li>\n\n\n\n<li><a href=\"https:\/\/www.tdg.ch\/l-invite-trump-une-chance-pour-leurope-749858149901\" target=\"_blank\" rel=\"noreferrer noopener\">Trump: szansa dla Europy!<\/a> - Olivier V\u00e9drine - Tribune de Gen\u00e8ve (Szwajcaria) - 04.03.2025<\/li>\n\n\n\n<li><a href=\"https:\/\/esprit.presse.fr\/actualites\/esprit\/doubler-la-mise-une-strategie-des-occidentaux-pour-l-ukraine-et-pour-eux-memes-45775?fbclid=IwY2xjawIq8upleHRuA2FlbQIxMAABHSIfPACLTJgAQr-VWFyu-lcWdGXTfeYSAXhfmtrVi2Ke6BRVNgtYkA5KYg_aem_cDPuCuc9NvhPxRc1__aUdw\" target=\"_blank\" rel=\"noreferrer noopener\">Podwojenie wysi\u0142k\u00f3w: strategia Zachodu dla Ukrainy i dla nich samych<\/a> - Forum grupy<\/li>\n\n\n\n<li><a href=\"https:\/\/www.tdg.ch\/chronique-internationale-make-europe-great-again-453610340226\" target=\"_blank\" rel=\"noreferrer noopener\">Make Europa Great Again!<\/a> - Olivier V\u00e9drine - Tribune de Gen\u00e8ve (Szwajcaria) - 29.01.2025<\/li>\n\n\n\n<li><a href=\"https:\/\/www.pap.pl\/aktualnosci\/politolog-rosja-zaciera-granice-miedzy-uzyciem-broni-konwencjonalnej-i-jadrowej\" target=\"_blank\" rel=\"noreferrer noopener\">Politolog - Rosja zaciera granice mi\u0119dzy u\u017cyciem broni konwencjonalnej i nuklearnej<\/a> - Olivier V\u00e9drine - Polska Agencja Pasowa - 20.11.2024<\/li>\n\n\n\n<li><a href=\"https:\/\/wiadomosci.dziennik.pl\/swiat\/artykuly\/9672273,rosja-zmienia-zasady-gry-grozba-nuklearna-coraz-blizej-ekspert-ostrz.html\" target=\"_blank\" rel=\"noreferrer noopener\">Rosja zmienia zasady gry. Czy zagro\u017cenie nuklearne jest coraz bli\u017cej? Ekspert ostrzega przed eskalacj\u0105<\/a> - Olivier V\u00e9drine - Dziennik.pl - 20.11.2024<\/li>\n<\/ul>\n<\/div>\n\n\n\n<div class=\"wp-block-column is-layout-flow wp-block-column-is-layout-flow\">\n<ul class=\"wp-block-list\">\n<li><a href=\"https:\/\/wpolityce.pl\/swiat\/713365-francuski-eksperteuropa-bedzie-musiala-zmierzyc-sie-z-rosja\" target=\"_blank\" rel=\"noreferrer noopener\">Europa b\u0119dzie musia\u0142a stawi\u0107 czo\u0142a Rosji - Wywiad<\/a> - Olivier V\u00e9drine - wPolityce.pl - 19.11.2024<\/li>\n\n\n\n<li><a href=\"https:\/\/zw.lt\/swiat\/1000-dni-wojny-francuski-politolog-ewentualny-rozejm-moze-byc-tylko-pauza-europa-musi-sie-zbroic\/\" target=\"_blank\" rel=\"noreferrer noopener\">1000 dni wojny. Francuski politolog: ka\u017cdy rozejm mo\u017ce by\u0107 tylko przerw\u0105; Europa musi si\u0119 zbroi\u0107<\/a> - Olivier V\u00e9drine - zw.lt - 19.11.2024<\/li>\n\n\n\n<li><a href=\"https:\/\/www.tdg.ch\/chronique-pourquoi-cette-idee-de-federation-europeenne-195489917842\" target=\"_blank\" rel=\"noreferrer noopener\">Sk\u0105d pomys\u0142 na federacj\u0119 europejsk\u0105?<\/a> - Olivier V\u00e9drine - Tribune de Gen\u00e8ve (Szwajcaria) - 29.09.2024<\/li>\n\n\n\n<li><a href=\"https:\/\/www.tdg.ch\/chronique-la-capacite-de-la-russie-a-rebondir-surprend-485405363064\" target=\"_blank\" rel=\"noreferrer noopener\">Zdolno\u015b\u0107 Rosji do odbicia si\u0119 od dna jest zaskakuj\u0105ca<\/a> - Olivier V\u00e9drine - Tribune de Gen\u00e8ve (Szwajcaria) - 17.07.2024 r.<\/li>\n\n\n\n<li><a href=\"https:\/\/www.tdg.ch\/une-autre-europe-est-encore-possible-887843874625\" target=\"_blank\" rel=\"noreferrer noopener\">Inna Europa jest mo\u017cliwa<\/a> - Olivier V\u00e9drine - Tribune de Gen\u00e8ve (Szwajcaria) - 10.05.2024 <\/li>\n\n\n\n<li><a href=\"https:\/\/voxeurop.eu\/en\/navalnys-struggle-time-will-come-for-a-change-in-russia\/\" target=\"_blank\" rel=\"noreferrer noopener\">Walka Nawalnego: \"Nadejdzie czas na zmiany w Rosji<\/a> - Olivier V\u00e9drine - VOXEUROP - 23 stycznia 2021 r.<\/li>\n\n\n\n<li><a href=\"https:\/\/www.tdg.ch\/lavenir-de-leurope-se-joue-maintenant-540310765528\" target=\"_blank\" rel=\"noreferrer noopener\">Przysz\u0142o\u015b\u0107 Europy jest teraz zagro\u017cona<\/a> - Olivier V\u00e9drine - Tribune de Gen\u00e8ve (Szwajcaria) - 19.05.2020<\/li>\n\n\n\n<li><a href=\"https:\/\/www.opendemocracy.net\/en\/can-europe-make-it\/what-conference-on-the-future-of-europe\/\" target=\"_blank\" rel=\"noreferrer noopener\">Jaka konferencja na temat \"przysz\u0142o\u015bci Europy\"?<\/a> - Olivier V\u00e9drine - openDemocracy - 11 maja 2020 r.<\/li>\n\n\n\n<li><a href=\"https:\/\/www.ledevoir.com\/opinion\/idees\/558013\/la-russie-est-en-regression-merci-poutine\" target=\"_blank\" rel=\"noreferrer noopener\">Rosja si\u0119 cofa: dzi\u0119kujemy Putinowi!<\/a> - Olivier V\u00e9drine - Le Devoir (Kanada) - 5 lipca 2019 r.<\/li>\n\n\n\n<li><a href=\"https:\/\/newizv.ru\/news\/politics\/15-04-2019\/olivie-vedrin-zelenskiy-mozhet-stat-lekarstvom-ot-ukrainskoy-ustalosti?fbclid=IwAR0ZlMiLVs-4Vbe1mgH9Uq3p1Wxd01VubIr6VOt-8CN-PP2icvRaGjvDVS0\" target=\"_blank\" rel=\"noreferrer noopener\">\u0417\u0435\u043b\u0435\u043d\u0441\u043a\u0438\u0439 \u043c\u043e\u0436\u0435\u0442 \u0441\u0442\u0430\u0442\u044c \u043b\u0435\u043a\u0430\u0440\u0441\u0442\u0432\u043e\u043c \u043e\u0442 \" \u0443\u043a\u0440\u0430\u0438\u043d\u0441\u043a\u043e\u0439 \u0443\u0441\u0442\u0430\u043b\u043e\u0441\u0442\u0438 \" - \u041e\u043b\u0438\u0432\u044c\u0435 \u0412\u0435\u0434\u0440\u0438\u043d - \" \u041d\u041e\u0412\u042b\u0415 \u0418\u0417\u0412\u0415\u0421\u0422\u0418\u042f \"<\/a> - 15 \u0430\u043f\u0440\u0435\u043b\u044f 2019<\/li>\n\n\n\n<li><a href=\"https:\/\/www.theneweuropean.co.uk\/brexit-news\/prominent-critic-putin-olivier-vedrine-target-russian-president-32556\" target=\"_blank\" rel=\"noreferrer noopener\">Jak najlepiej celowa\u0107 w Putina?<\/a> - Olivier V\u00e9drine - The New European (Wielka Brytania) - 3 pa\u017adziernika 2018 r.<\/li>\n<\/ul>\n<\/div>\n<\/div>\n\n\n\n<ul class=\"wp-block-social-links is-layout-flex wp-block-social-links-is-layout-flex\"><li class=\"wp-social-link wp-social-link-linkedin  wp-block-social-link\"><a href=\"https:\/\/www.linkedin.com\/in\/oliviervedrine\/\" class=\"wp-block-social-link-anchor\"><svg width=\"24\" height=\"24\" viewbox=\"0 0 24 24\" version=\"1.1\" xmlns=\"http:\/\/www.w3.org\/2000\/svg\" aria-hidden=\"true\" focusable=\"false\"><path d=\"M19.7,3H4.3C3.582,3,3,3.582,3,4.3v15.4C3,20.418,3.582,21,4.3,21h15.4c0.718,0,1.3-0.582,1.3-1.3V4.3 C21,3.582,20.418,3,19.7,3z M8.339,18.338H5.667v-8.59h2.672V18.338z M7.004,8.574c-0.857,0-1.549-0.694-1.549-1.548 c0-0.855,0.691-1.548,1.549-1.548c0.854,0,1.547,0.694,1.547,1.548C8.551,7.881,7.858,8.574,7.004,8.574z M18.339,18.338h-2.669 v-4.177c0-0.996-0.017-2.278-1.387-2.278c-1.389,0-1.601,1.086-1.601,2.206v4.249h-2.667v-8.59h2.559v1.174h0.037 c0.356-0.675,1.227-1.387,2.526-1.387c2.703,0,3.203,1.779,3.203,4.092V18.338z\"><\/path><\/svg><span class=\"wp-block-social-link-label screen-reader-text\">LinkedIn<\/span><\/a><\/li><\/ul>\n\n\n\n<div class=\"wp-block-columns is-layout-flex wp-container-core-columns-is-layout-9d6595d7 wp-block-columns-is-layout-flex\">\n<div class=\"wp-block-column is-layout-flow wp-block-column-is-layout-flow\">\n<p>Wsp\u00f3\u0142autor ksi\u0105\u017cki Goodbye Poutine<\/p>\n<\/div>\n\n\n\n<div class=\"wp-block-column is-layout-flow wp-block-column-is-layout-flow\">\n<figure class=\"wp-block-image size-medium\"><a href=\"https:\/\/www.ginkgo-editeur.fr\/product-page\/goodbye-poutine\" target=\"_blank\" rel=\"noreferrer noopener\"><img loading=\"lazy\" decoding=\"async\" width=\"184\" height=\"300\" src=\"https:\/\/ajmonnet.eu\/wp-content\/uploads\/2022\/03\/gp-184x300.jpg\" alt=\"\" class=\"wp-image-3325\" srcset=\"https:\/\/ajmonnet.eu\/wp-content\/uploads\/2022\/03\/gp-184x300.jpg 184w, https:\/\/ajmonnet.eu\/wp-content\/uploads\/2022\/03\/gp-7x12.jpg 7w, https:\/\/ajmonnet.eu\/wp-content\/uploads\/2022\/03\/gp.jpg 307w\" sizes=\"auto, (max-width: 184px) 100vw, 184px\" \/><\/a><\/figure>\n<\/div>\n<\/div>\n\n\n\n<div class=\"wp-block-media-text has-media-on-the-right is-stacked-on-mobile\"><div class=\"wp-block-media-text__content\">\n<p>Profesor zwyczajny Politechniki w Dnieprze - Narodowy Uniwersytet Techniczny \"Dniprovska Politekhnika\" - wrzesie\u0144 2025 r.<\/p>\n<\/div><figure class=\"wp-block-media-text__media\"><img loading=\"lazy\" decoding=\"async\" width=\"1013\" height=\"1024\" src=\"https:\/\/ajmonnet.eu\/wp-content\/uploads\/2022\/03\/Lettre-de-poste-de-professeur-e1754411147904-1013x1024.jpg\" alt=\"\" class=\"wp-image-4457 size-full\" srcset=\"https:\/\/ajmonnet.eu\/wp-content\/uploads\/2022\/03\/Lettre-de-poste-de-professeur-e1754411147904-1013x1024.jpg 1013w, https:\/\/ajmonnet.eu\/wp-content\/uploads\/2022\/03\/Lettre-de-poste-de-professeur-e1754411147904-297x300.jpg 297w, https:\/\/ajmonnet.eu\/wp-content\/uploads\/2022\/03\/Lettre-de-poste-de-professeur-e1754411147904-768x776.jpg 768w, https:\/\/ajmonnet.eu\/wp-content\/uploads\/2022\/03\/Lettre-de-poste-de-professeur-e1754411147904-1519x1536.jpg 1519w, https:\/\/ajmonnet.eu\/wp-content\/uploads\/2022\/03\/Lettre-de-poste-de-professeur-e1754411147904-12x12.jpg 12w, https:\/\/ajmonnet.eu\/wp-content\/uploads\/2022\/03\/Lettre-de-poste-de-professeur-e1754411147904.jpg 1543w\" sizes=\"auto, (max-width: 1013px) 100vw, 1013px\" \/><\/figure><\/div>\n\n\n\n<div class=\"wp-block-media-text is-stacked-on-mobile\"><figure class=\"wp-block-media-text__media\"><img loading=\"lazy\" decoding=\"async\" width=\"1024\" height=\"461\" src=\"https:\/\/ajmonnet.eu\/wp-content\/uploads\/2022\/03\/416553525_10227639932438696_2167453204958254448_n-1024x461.jpg\" alt=\"\" class=\"wp-image-4182 size-full\" srcset=\"https:\/\/ajmonnet.eu\/wp-content\/uploads\/2022\/03\/416553525_10227639932438696_2167453204958254448_n-1024x461.jpg 1024w, https:\/\/ajmonnet.eu\/wp-content\/uploads\/2022\/03\/416553525_10227639932438696_2167453204958254448_n-300x135.jpg 300w, https:\/\/ajmonnet.eu\/wp-content\/uploads\/2022\/03\/416553525_10227639932438696_2167453204958254448_n-768x346.jpg 768w, https:\/\/ajmonnet.eu\/wp-content\/uploads\/2022\/03\/416553525_10227639932438696_2167453204958254448_n-18x8.jpg 18w, https:\/\/ajmonnet.eu\/wp-content\/uploads\/2022\/03\/416553525_10227639932438696_2167453204958254448_n.jpg 1200w\" sizes=\"auto, (max-width: 1024px) 100vw, 1024px\" \/><\/figure><div class=\"wp-block-media-text__content\">\n<p>W 2023 r. otrzyma\u0142 akademickie wyr\u00f3\u017cnienie Profesora Honoris Causa Narodowego Uniwersytetu Politechnicznego w Dnieprze (dawniej Dniepropietrowsk).<\/p>\n<\/div><\/div>\n\n\n\n<div class=\"wp-block-media-text has-media-on-the-right is-stacked-on-mobile\"><div class=\"wp-block-media-text__content\">\n<p>Zosta\u0142 nagrodzony <a href=\"https:\/\/ajmonnet.eu\/pl\/un-membre-a-lhonneur\/\">Academic Palms<\/a> w 2022 roku w obecno\u015bci Jego Ekscelencji Etienne de Poncins - Ambasadora Francji w Ukrainie i Wadyma Omelczenki - Ambasadora Ukrainy we Francji.<\/p>\n<\/div><figure class=\"wp-block-media-text__media\"><img loading=\"lazy\" decoding=\"async\" width=\"800\" height=\"598\" src=\"https:\/\/ajmonnet.eu\/wp-content\/uploads\/2022\/03\/1704464389151.jpeg\" alt=\"\" class=\"wp-image-4185 size-full\" srcset=\"https:\/\/ajmonnet.eu\/wp-content\/uploads\/2022\/03\/1704464389151.jpeg 800w, https:\/\/ajmonnet.eu\/wp-content\/uploads\/2022\/03\/1704464389151-300x224.jpeg 300w, https:\/\/ajmonnet.eu\/wp-content\/uploads\/2022\/03\/1704464389151-768x574.jpeg 768w, https:\/\/ajmonnet.eu\/wp-content\/uploads\/2022\/03\/1704464389151-16x12.jpeg 16w\" sizes=\"auto, (max-width: 800px) 100vw, 800px\" \/><\/figure><\/div>\n\n\n\n<div class=\"wp-block-media-text is-stacked-on-mobile\"><figure class=\"wp-block-media-text__media\"><img loading=\"lazy\" decoding=\"async\" width=\"1024\" height=\"744\" src=\"https:\/\/ajmonnet.eu\/wp-content\/uploads\/2022\/03\/275667274_10223828175667159_404585943665294759_n-1024x744.jpg\" alt=\"\" class=\"wp-image-4187 size-full\" srcset=\"https:\/\/ajmonnet.eu\/wp-content\/uploads\/2022\/03\/275667274_10223828175667159_404585943665294759_n-1024x744.jpg 1024w, https:\/\/ajmonnet.eu\/wp-content\/uploads\/2022\/03\/275667274_10223828175667159_404585943665294759_n-300x218.jpg 300w, https:\/\/ajmonnet.eu\/wp-content\/uploads\/2022\/03\/275667274_10223828175667159_404585943665294759_n-768x558.jpg 768w, https:\/\/ajmonnet.eu\/wp-content\/uploads\/2022\/03\/275667274_10223828175667159_404585943665294759_n-1536x1116.jpg 1536w, https:\/\/ajmonnet.eu\/wp-content\/uploads\/2022\/03\/275667274_10223828175667159_404585943665294759_n-18x12.jpg 18w, https:\/\/ajmonnet.eu\/wp-content\/uploads\/2022\/03\/275667274_10223828175667159_404585943665294759_n.jpg 2048w\" sizes=\"auto, (max-width: 1024px) 100vw, 1024px\" \/><\/figure><div class=\"wp-block-media-text__content\">\n<p>Otrzyma\u0142 tytu\u0142 Profesora Honoris Causa Kijowskiego Uniwersytetu Mi\u0119dzynarodowego.<\/p>\n<\/div><\/div>\n\n\n\n<p>By\u0142 redaktorem naczelnym rosyjskiej edycji \"Revue D\u00e9fense Nationale\" (2010-2014) w Pary\u017cu w \u00c9cole Militaire, zaprzesta\u0142 wydawania rosyjskiej edycji \"Revue D\u00e9fense Nationale\" na pocz\u0105tku 2014 r. w prote\u015bcie przeciwko aneksji Krymu. Doradca polityczny ds. Ukrainy Henriego Malosse'a, przewodnicz\u0105cego Europejskiego Komitetu Ekonomiczno-Spo\u0142ecznego (2013-2015) w Brukseli. <\/p>\n\n\n\n<p>Jako prezenter telewizyjny zaprezentowa\u0142 ponad 150 program\u00f3w telewizyjnych na krajowych kana\u0142ach telewizyjnych w Ukrainie, w tym w\u0142asny polityczny program telewizyjny wspieraj\u0105cy Ukrain\u0119 i Uni\u0119 Europejsk\u0105. W 2021 roku, wraz z gazet\u0105 Kyiv Post, zaplanowano rozpocz\u0119cie nowego programu telewizyjnego w marcu 2022 roku. Pierwsze transmisje pilota\u017cowe zosta\u0142y nagrane w styczniu 2022 r. i na pocz\u0105tku lutego 2022 r.<\/p>\n\n\n\n<div class=\"wp-block-columns is-layout-flex wp-container-core-columns-is-layout-9d6595d7 wp-block-columns-is-layout-flex\">\n<div class=\"wp-block-column is-layout-flow wp-block-column-is-layout-flow\" style=\"flex-basis:66.66%\">\n<figure class=\"wp-block-embed is-type-video is-provider-youtube wp-block-embed-youtube wp-embed-aspect-4-3 wp-has-aspect-ratio\"><div class=\"wp-block-embed__wrapper\">\n<iframe loading=\"lazy\" title=\"United Country 16.11.2015 Talk Show UA Tea Time\" width=\"500\" height=\"375\" src=\"https:\/\/www.youtube.com\/embed\/siWqQx-xHhc?start=1409&#038;feature=oembed\" frameborder=\"0\" allow=\"accelerometer; autoplay; clipboard-write; encrypted-media; gyroscope; picture-in-picture; web-share\" referrerpolicy=\"strict-origin-when-cross-origin\" allowfullscreen><\/iframe>\n<\/div><\/figure>\n<\/div>\n\n\n\n<div class=\"wp-block-column is-vertically-aligned-center is-layout-flow wp-block-column-is-layout-flow\" style=\"flex-basis:33.33%\">\n<p class=\"has-text-align-center\"><strong>Talk Show UA Tea Time<\/strong><br>(2015-2016)<\/p>\n<\/div>\n<\/div>\n\n\n\n<div class=\"wp-block-columns is-layout-flex wp-container-core-columns-is-layout-9d6595d7 wp-block-columns-is-layout-flex\">\n<div class=\"wp-block-column is-vertically-aligned-center is-layout-flow wp-block-column-is-layout-flow\" style=\"flex-basis:33.33%\">\n<p class=\"has-text-align-center\"><strong>Tygodnik z Olivierem V\u00e9drine'em<\/strong><br>dla UATV (2016-2017)<\/p>\n<\/div>\n\n\n\n<div class=\"wp-block-column is-layout-flow wp-block-column-is-layout-flow\" style=\"flex-basis:66.66%\">\n<figure class=\"wp-block-embed is-type-video is-provider-youtube wp-block-embed-youtube wp-embed-aspect-16-9 wp-has-aspect-ratio\"><div class=\"wp-block-embed__wrapper\">\n<iframe loading=\"lazy\" title=\"Tygodnik z Olivierem Vedrine\" width=\"500\" height=\"281\" src=\"https:\/\/www.youtube.com\/embed\/Z5ki1BJhtBw?feature=oembed\" frameborder=\"0\" allow=\"accelerometer; autoplay; clipboard-write; encrypted-media; gyroscope; picture-in-picture; web-share\" referrerpolicy=\"strict-origin-when-cross-origin\" allowfullscreen><\/iframe>\n<\/div><\/figure>\n<\/div>\n<\/div>\n\n\n\n<div class=\"wp-block-columns is-layout-flex wp-container-core-columns-is-layout-9d6595d7 wp-block-columns-is-layout-flex\">\n<div class=\"wp-block-column is-layout-flow wp-block-column-is-layout-flow\" style=\"flex-basis:66.66%\">\n<figure class=\"wp-block-embed is-type-video is-provider-youtube wp-block-embed-youtube wp-embed-aspect-16-9 wp-has-aspect-ratio\"><div class=\"wp-block-embed__wrapper\">\n<iframe loading=\"lazy\" title=\"ZACHODNI G\u0141OS Z OLIVIEREM VEDRINE #8\" width=\"500\" height=\"281\" src=\"https:\/\/www.youtube.com\/embed\/J4teCrGlByY?feature=oembed\" frameborder=\"0\" allow=\"accelerometer; autoplay; clipboard-write; encrypted-media; gyroscope; picture-in-picture; web-share\" referrerpolicy=\"strict-origin-when-cross-origin\" allowfullscreen><\/iframe>\n<\/div><\/figure>\n<\/div>\n\n\n\n<div class=\"wp-block-column is-vertically-aligned-center is-layout-flow wp-block-column-is-layout-flow\" style=\"flex-basis:33.33%\">\n<p class=\"has-text-align-center\"><strong>The Western Voice z udzia\u0142em Oliviera V\u00e9drine'a<\/strong><br>(2018)<\/p>\n<\/div>\n<\/div>\n\n\n\n<p>Cz\u0142onek rosyjskiej opozycji, by\u0142 redaktorem naczelnym Russian Monitor do lutego 2022 r., rosyjskiej opozycyjnej gazety internetowej z 500 000 unikalnych u\u017cytkownik\u00f3w miesi\u0119cznie przed inwazj\u0105 na Ukrain\u0119 na du\u017c\u0105 skal\u0119.<\/p>\n\n\n\n<p><\/p>\n\n\n\n<div class=\"wp-block-media-text is-stacked-on-mobile\"><figure class=\"wp-block-media-text__media\"><img loading=\"lazy\" decoding=\"async\" width=\"594\" height=\"414\" src=\"https:\/\/ajmonnet.eu\/wp-content\/uploads\/2022\/03\/350511645_1465775380901659_5052608914427874666_n.jpg\" alt=\"\" class=\"wp-image-4181 size-full\" srcset=\"https:\/\/ajmonnet.eu\/wp-content\/uploads\/2022\/03\/350511645_1465775380901659_5052608914427874666_n.jpg 594w, https:\/\/ajmonnet.eu\/wp-content\/uploads\/2022\/03\/350511645_1465775380901659_5052608914427874666_n-300x209.jpg 300w, https:\/\/ajmonnet.eu\/wp-content\/uploads\/2022\/03\/350511645_1465775380901659_5052608914427874666_n-18x12.jpg 18w\" sizes=\"auto, (max-width: 594px) 100vw, 594px\" \/><\/figure><div class=\"wp-block-media-text__content\">\n<p><strong><strong>Olivier V\u00e9drine zosta\u0142 odznaczony Orderem \u015awi\u0119tego W\u0142odzimierza przez Patriarch\u0119 Filareta, Patriarchat Kijowski, orderem rzadko przyznawanym obcokrajowcom.<\/strong><\/strong><\/p>\n<\/div><\/div>\n\n\n\n<p>Jest lub by\u0142 zwi\u0105zany z r\u00f3\u017cnymi uczelniami i instytucjami we Francji, Ukrainie, Rosji, Niemczech, Polsce, Kanadzie, Tajwanie, W\u0142oszech, Turcji, Azerbejd\u017canie, Estonii, Belgii, Wielkiej Brytanii, Rumunii, Holandii, Gruzji, Portugalii.<\/p>\n\n\n\n<div class=\"wp-block-media-text has-media-on-the-right is-stacked-on-mobile\"><div class=\"wp-block-media-text__content\">\n<p>Doradca polityczny George'a Tuki w 2015 r., gdy by\u0142 on gubernatorem obwodu \u0142uga\u0144skiego i odpowiada\u0142 za sprawy cywilne i wojskowe w regionie.<\/p>\n<\/div><figure class=\"wp-block-media-text__media\"><img loading=\"lazy\" decoding=\"async\" width=\"545\" height=\"768\" src=\"https:\/\/ajmonnet.eu\/wp-content\/uploads\/2022\/03\/Adviser-George-Tuka-Eng.jpg\" alt=\"\" class=\"wp-image-4433 size-full\" srcset=\"https:\/\/ajmonnet.eu\/wp-content\/uploads\/2022\/03\/Adviser-George-Tuka-Eng.jpg 545w, https:\/\/ajmonnet.eu\/wp-content\/uploads\/2022\/03\/Adviser-George-Tuka-Eng-213x300.jpg 213w, https:\/\/ajmonnet.eu\/wp-content\/uploads\/2022\/03\/Adviser-George-Tuka-Eng-9x12.jpg 9w\" sizes=\"auto, (max-width: 545px) 100vw, 545px\" \/><\/figure><\/div>\n\n\n\n<div class=\"wp-block-media-text is-stacked-on-mobile\"><figure class=\"wp-block-media-text__media\"><img loading=\"lazy\" decoding=\"async\" width=\"557\" height=\"767\" src=\"https:\/\/ajmonnet.eu\/wp-content\/uploads\/2022\/03\/Nomination-Olivier-Vedrine-lutte-contre-la-corruption.jpg\" alt=\"\" class=\"wp-image-4432 size-full\" srcset=\"https:\/\/ajmonnet.eu\/wp-content\/uploads\/2022\/03\/Nomination-Olivier-Vedrine-lutte-contre-la-corruption.jpg 557w, https:\/\/ajmonnet.eu\/wp-content\/uploads\/2022\/03\/Nomination-Olivier-Vedrine-lutte-contre-la-corruption-218x300.jpg 218w, https:\/\/ajmonnet.eu\/wp-content\/uploads\/2022\/03\/Nomination-Olivier-Vedrine-lutte-contre-la-corruption-9x12.jpg 9w\" sizes=\"auto, (max-width: 557px) 100vw, 557px\" \/><\/figure><div class=\"wp-block-media-text__content\">\n<p>Mianowany cz\u0142onkiem pierwszego ukrai\u0144skiego biura antykorupcyjnego 11 kwietnia 2014 r. przez Tetian\u0119 Chornovol, szefow\u0105 ukrai\u0144skiego rz\u0105dowego Narodowego Komitetu Antykorupcyjnego im.<\/p>\n<\/div><\/div>\n\n\n\n<p><strong>Znacz\u0105ce przem\u00f3wienia i pisma :<\/strong><\/p>\n\n\n\n<div class=\"wp-block-columns is-layout-flex wp-container-core-columns-is-layout-9d6595d7 wp-block-columns-is-layout-flex\">\n<div class=\"wp-block-column is-layout-flow wp-block-column-is-layout-flow\">\n<figure class=\"wp-block-image size-large\"><img loading=\"lazy\" decoding=\"async\" width=\"1024\" height=\"1024\" src=\"https:\/\/ajmonnet.eu\/wp-content\/uploads\/2025\/12\/WhatsApp-Image-2025-11-22-at-11.46.25-1024x1024.jpeg\" alt=\"\" class=\"wp-image-4554\" srcset=\"https:\/\/ajmonnet.eu\/wp-content\/uploads\/2025\/12\/WhatsApp-Image-2025-11-22-at-11.46.25-1024x1024.jpeg 1024w, https:\/\/ajmonnet.eu\/wp-content\/uploads\/2025\/12\/WhatsApp-Image-2025-11-22-at-11.46.25-300x300.jpeg 300w, https:\/\/ajmonnet.eu\/wp-content\/uploads\/2025\/12\/WhatsApp-Image-2025-11-22-at-11.46.25-150x150.jpeg 150w, https:\/\/ajmonnet.eu\/wp-content\/uploads\/2025\/12\/WhatsApp-Image-2025-11-22-at-11.46.25-768x768.jpeg 768w, https:\/\/ajmonnet.eu\/wp-content\/uploads\/2025\/12\/WhatsApp-Image-2025-11-22-at-11.46.25-12x12.jpeg 12w, https:\/\/ajmonnet.eu\/wp-content\/uploads\/2025\/12\/WhatsApp-Image-2025-11-22-at-11.46.25.jpeg 1080w\" sizes=\"auto, (max-width: 1024px) 100vw, 1024px\" \/><\/figure>\n<\/div>\n\n\n\n<div class=\"wp-block-column is-layout-flow wp-block-column-is-layout-flow\">\n<figure class=\"wp-block-image size-large is-resized\"><img loading=\"lazy\" decoding=\"async\" width=\"819\" height=\"1024\" src=\"https:\/\/ajmonnet.eu\/wp-content\/uploads\/2025\/12\/WhatsApp-Image-2025-11-24-at-17.57.46-819x1024.jpeg\" alt=\"\" class=\"wp-image-4552\" style=\"width:330px;height:auto\" srcset=\"https:\/\/ajmonnet.eu\/wp-content\/uploads\/2025\/12\/WhatsApp-Image-2025-11-24-at-17.57.46-819x1024.jpeg 819w, https:\/\/ajmonnet.eu\/wp-content\/uploads\/2025\/12\/WhatsApp-Image-2025-11-24-at-17.57.46-240x300.jpeg 240w, https:\/\/ajmonnet.eu\/wp-content\/uploads\/2025\/12\/WhatsApp-Image-2025-11-24-at-17.57.46-768x960.jpeg 768w, https:\/\/ajmonnet.eu\/wp-content\/uploads\/2025\/12\/WhatsApp-Image-2025-11-24-at-17.57.46-10x12.jpeg 10w, https:\/\/ajmonnet.eu\/wp-content\/uploads\/2025\/12\/WhatsApp-Image-2025-11-24-at-17.57.46.jpeg 1080w\" sizes=\"auto, (max-width: 819px) 100vw, 819px\" \/><\/figure>\n<\/div>\n<\/div>\n\n\n\n<div class=\"wp-block-media-text has-media-on-the-right is-stacked-on-mobile\"><div class=\"wp-block-media-text__content\">\n<p>Uczestnicy Bonheur Musical s\u0105 przekonani, \u017ce pok\u00f3j w Europie i na ca\u0142ym \u015bwiecie mo\u017cna osi\u0105gn\u0105\u0107 tylko poprzez siln\u0105, zjednoczon\u0105 Europ\u0119, a wsp\u00f3lny j\u0119zyk muzyczny mo\u017ce pom\u00f3c nam wszystkim osi\u0105gn\u0105\u0107 ten cel. Dlatego od kilku lat organizujemy europejsk\u0105 konferencj\u0119.<br>W tym roku Olivier V\u00e9drine, specjalista w dziedzinie europejskiej geopolityki i Ukrainy, opowie o roli Europy w wojnie na Ukrainie i le\u017c\u0105cych u jej podstaw zagro\u017ceniach.<\/p>\n<\/div><figure class=\"wp-block-media-text__media\"><img loading=\"lazy\" decoding=\"async\" width=\"737\" height=\"1024\" src=\"https:\/\/ajmonnet.eu\/wp-content\/uploads\/2022\/03\/WhatsApp-Image-2025-06-13-a-10.56.48_0606c82b-737x1024.jpg\" alt=\"\" class=\"wp-image-4382 size-full\" srcset=\"https:\/\/ajmonnet.eu\/wp-content\/uploads\/2022\/03\/WhatsApp-Image-2025-06-13-a-10.56.48_0606c82b-737x1024.jpg 737w, https:\/\/ajmonnet.eu\/wp-content\/uploads\/2022\/03\/WhatsApp-Image-2025-06-13-a-10.56.48_0606c82b-216x300.jpg 216w, https:\/\/ajmonnet.eu\/wp-content\/uploads\/2022\/03\/WhatsApp-Image-2025-06-13-a-10.56.48_0606c82b-768x1067.jpg 768w, https:\/\/ajmonnet.eu\/wp-content\/uploads\/2022\/03\/WhatsApp-Image-2025-06-13-a-10.56.48_0606c82b-1106x1536.jpg 1106w, https:\/\/ajmonnet.eu\/wp-content\/uploads\/2022\/03\/WhatsApp-Image-2025-06-13-a-10.56.48_0606c82b-9x12.jpg 9w, https:\/\/ajmonnet.eu\/wp-content\/uploads\/2022\/03\/WhatsApp-Image-2025-06-13-a-10.56.48_0606c82b.jpg 1152w\" sizes=\"auto, (max-width: 737px) 100vw, 737px\" \/><\/figure><\/div>\n\n\n\n<div class=\"wp-block-media-text is-stacked-on-mobile\"><figure class=\"wp-block-media-text__media\"><img loading=\"lazy\" decoding=\"async\" width=\"756\" height=\"1008\" src=\"https:\/\/ajmonnet.eu\/wp-content\/uploads\/2022\/03\/WhatsApp-Image-2025-05-10-a-09.38.55_0e3b1e74.jpg\" alt=\"\" class=\"wp-image-4379 size-full\" srcset=\"https:\/\/ajmonnet.eu\/wp-content\/uploads\/2022\/03\/WhatsApp-Image-2025-05-10-a-09.38.55_0e3b1e74.jpg 756w, https:\/\/ajmonnet.eu\/wp-content\/uploads\/2022\/03\/WhatsApp-Image-2025-05-10-a-09.38.55_0e3b1e74-225x300.jpg 225w, https:\/\/ajmonnet.eu\/wp-content\/uploads\/2022\/03\/WhatsApp-Image-2025-05-10-a-09.38.55_0e3b1e74-9x12.jpg 9w\" sizes=\"auto, (max-width: 756px) 100vw, 756px\" \/><\/figure><div class=\"wp-block-media-text__content\">\n<p>Z\u0142o\u017cenie wie\u0144ca w Calais 8 maja 2025 r.<\/p>\n<\/div><\/div>\n\n\n\n<div class=\"wp-block-media-text has-media-on-the-right is-stacked-on-mobile\"><div class=\"wp-block-media-text__content\">\n<p>Prelegent podczas dyskusji okr\u0105g\u0142ego sto\u0142u na temat \"Czy francuskie przyw\u00f3dztwo jest kwestionowane w Europie? Mi\u0119dzy zaanga\u017cowaniem a ograniczeniami w obliczu konfliktu rosyjsko-ukrai\u0144skiego\". 12 marca 2025 r.<\/p>\n<\/div><figure class=\"wp-block-media-text__media\"><img loading=\"lazy\" decoding=\"async\" width=\"724\" height=\"1024\" src=\"https:\/\/ajmonnet.eu\/wp-content\/uploads\/2025\/02\/Colloque-12-Mars-2025-Lyon-724x1024.jpg\" alt=\"\" class=\"wp-image-4214 size-full\" srcset=\"https:\/\/ajmonnet.eu\/wp-content\/uploads\/2025\/02\/Colloque-12-Mars-2025-Lyon-724x1024.jpg 724w, https:\/\/ajmonnet.eu\/wp-content\/uploads\/2025\/02\/Colloque-12-Mars-2025-Lyon-212x300.jpg 212w, https:\/\/ajmonnet.eu\/wp-content\/uploads\/2025\/02\/Colloque-12-Mars-2025-Lyon-768x1086.jpg 768w, https:\/\/ajmonnet.eu\/wp-content\/uploads\/2025\/02\/Colloque-12-Mars-2025-Lyon-1086x1536.jpg 1086w, https:\/\/ajmonnet.eu\/wp-content\/uploads\/2025\/02\/Colloque-12-Mars-2025-Lyon-8x12.jpg 8w, https:\/\/ajmonnet.eu\/wp-content\/uploads\/2025\/02\/Colloque-12-Mars-2025-Lyon.jpg 1280w\" sizes=\"auto, (max-width: 724px) 100vw, 724px\" \/><\/figure><\/div>\n\n\n\n<div class=\"wp-block-media-text is-stacked-on-mobile\"><figure class=\"wp-block-media-text__media\"><img loading=\"lazy\" decoding=\"async\" width=\"485\" height=\"514\" src=\"https:\/\/ajmonnet.eu\/wp-content\/uploads\/2025\/02\/2025-02-28_15h17_03.png\" alt=\"\" class=\"wp-image-4212 size-full\" srcset=\"https:\/\/ajmonnet.eu\/wp-content\/uploads\/2025\/02\/2025-02-28_15h17_03.png 485w, https:\/\/ajmonnet.eu\/wp-content\/uploads\/2025\/02\/2025-02-28_15h17_03-283x300.png 283w, https:\/\/ajmonnet.eu\/wp-content\/uploads\/2025\/02\/2025-02-28_15h17_03-11x12.png 11w\" sizes=\"auto, (max-width: 485px) 100vw, 485px\" \/><\/figure><div class=\"wp-block-media-text__content\">\n<p>Interwenient au&nbsp;<a href=\"https:\/\/www.forum-ekonomiczne.pl\/en\" target=\"_blank\" rel=\"noreferrer noopener\">X Europejski Kongres Samorz\u0105d\u00f3w<\/a>&nbsp;z tematem przewodnim<strong>Globalne wyzwania - lokalne rozwi\u0105zania<\/strong>'. 3 marca 2025 r.<\/p>\n\n\n\n<p><a href=\"https:\/\/ajmonnet.eu\/pl\/la-10e-edition-du-congres-europeen-des-gouvernements-locaux\/\">Artyku\u0142 autorstwa Oliviera V\u00e9drine'a<\/a><\/p>\n<\/div><\/div>\n\n\n\n<div class=\"wp-block-media-text has-media-on-the-right is-stacked-on-mobile\"><div class=\"wp-block-media-text__content\">\n<p><strong>Interwencja w <a href=\"https:\/\/ajmonnet.eu\/pl\/events\/33eme-forum-economique\/\" target=\"_blank\" rel=\"noreferrer noopener\">33 Forum Ekonomiczne<\/a><\/strong>Stowarzyszenie Jean Monnet b\u0119dzie reprezentowane na szczycie w Davos w Europie Wschodniej. 3 wrze\u015bnia 2024 r.<\/p>\n<\/div><figure class=\"wp-block-media-text__media\"><img loading=\"lazy\" decoding=\"async\" width=\"667\" height=\"166\" src=\"https:\/\/ajmonnet.eu\/wp-content\/uploads\/2022\/03\/Outlook-tojkblxa.png\" alt=\"\" class=\"wp-image-4173 size-full\" srcset=\"https:\/\/ajmonnet.eu\/wp-content\/uploads\/2022\/03\/Outlook-tojkblxa.png 667w, https:\/\/ajmonnet.eu\/wp-content\/uploads\/2022\/03\/Outlook-tojkblxa-300x75.png 300w, https:\/\/ajmonnet.eu\/wp-content\/uploads\/2022\/03\/Outlook-tojkblxa-18x4.png 18w\" sizes=\"auto, (max-width: 667px) 100vw, 667px\" \/><\/figure><\/div>\n\n\n\n<div class=\"wp-block-media-text is-stacked-on-mobile\"><figure class=\"wp-block-media-text__media\"><img loading=\"lazy\" decoding=\"async\" width=\"642\" height=\"812\" src=\"https:\/\/ajmonnet.eu\/wp-content\/uploads\/2022\/03\/Conference-du-29-mai-a-Montreal-au-Canada.jpg\" alt=\"\" class=\"wp-image-4154 size-full\" srcset=\"https:\/\/ajmonnet.eu\/wp-content\/uploads\/2022\/03\/Conference-du-29-mai-a-Montreal-au-Canada.jpg 642w, https:\/\/ajmonnet.eu\/wp-content\/uploads\/2022\/03\/Conference-du-29-mai-a-Montreal-au-Canada-237x300.jpg 237w, https:\/\/ajmonnet.eu\/wp-content\/uploads\/2022\/03\/Conference-du-29-mai-a-Montreal-au-Canada-9x12.jpg 9w\" sizes=\"auto, (max-width: 642px) 100vw, 642px\" \/><\/figure><div class=\"wp-block-media-text__content\">\n<p><a href=\"https:\/\/cerium.umontreal.ca\/etudes\/ecoles-dete-2024\/la-guerre-entre-la-russie-et-lukraine-dynamiques-locales-consequences-mondiales\/#programme\" target=\"_blank\" rel=\"noreferrer noopener\">Konferencja<\/a> w Kanadzie w dniu 29 maja 2024 r. w ramach Letniej Szko\u0142y C\u00c9RIUM (Universit\u00e9 de Montr\u00e9al) we wsp\u00f3\u0142pracy z Katedr\u0105 Ukrainistyki Uniwersytetu w Ottawie na temat <br><strong>\"Wojna mi\u0119dzy Rosj\u0105 a Ukrain\u0105: lokalna dynamika, globalne konsekwencje\".<\/strong><\/p>\n<\/div><\/div>\n\n\n\n<div class=\"wp-block-media-text has-media-on-the-right is-stacked-on-mobile\"><div class=\"wp-block-media-text__content\">\n<p>Sponsor 3rd SALON DU LIVRE MILITAIRE ET DU RENSEIGNEMENT w Calais w 2024 r. organizowanego przez Federacj\u0119 Pami\u0119ci NATO.<\/p>\n<\/div><figure class=\"wp-block-media-text__media\"><img loading=\"lazy\" decoding=\"async\" width=\"744\" height=\"1024\" src=\"https:\/\/ajmonnet.eu\/wp-content\/uploads\/2022\/03\/3E-SALON-DU-LIVRE-MILITAIRE-CALAIS-2024-744x1024.png\" alt=\"\" class=\"wp-image-4155 size-full\" srcset=\"https:\/\/ajmonnet.eu\/wp-content\/uploads\/2022\/03\/3E-SALON-DU-LIVRE-MILITAIRE-CALAIS-2024-744x1024.png 744w, https:\/\/ajmonnet.eu\/wp-content\/uploads\/2022\/03\/3E-SALON-DU-LIVRE-MILITAIRE-CALAIS-2024-218x300.png 218w, https:\/\/ajmonnet.eu\/wp-content\/uploads\/2022\/03\/3E-SALON-DU-LIVRE-MILITAIRE-CALAIS-2024-768x1057.png 768w, https:\/\/ajmonnet.eu\/wp-content\/uploads\/2022\/03\/3E-SALON-DU-LIVRE-MILITAIRE-CALAIS-2024-1116x1536.png 1116w, https:\/\/ajmonnet.eu\/wp-content\/uploads\/2022\/03\/3E-SALON-DU-LIVRE-MILITAIRE-CALAIS-2024-9x12.png 9w, https:\/\/ajmonnet.eu\/wp-content\/uploads\/2022\/03\/3E-SALON-DU-LIVRE-MILITAIRE-CALAIS-2024.png 1479w\" sizes=\"auto, (max-width: 744px) 100vw, 744px\" \/><\/figure><\/div>\n\n\n\n<div class=\"wp-block-media-text is-stacked-on-mobile\"><figure class=\"wp-block-media-text__media\"><img loading=\"lazy\" decoding=\"async\" width=\"573\" height=\"1024\" src=\"https:\/\/ajmonnet.eu\/wp-content\/uploads\/2022\/03\/WhatsApp-Image-2025-02-18-a-10.43.14_f8868b87-573x1024.jpg\" alt=\"\" class=\"wp-image-4179 size-full\" srcset=\"https:\/\/ajmonnet.eu\/wp-content\/uploads\/2022\/03\/WhatsApp-Image-2025-02-18-a-10.43.14_f8868b87-573x1024.jpg 573w, https:\/\/ajmonnet.eu\/wp-content\/uploads\/2022\/03\/WhatsApp-Image-2025-02-18-a-10.43.14_f8868b87-168x300.jpg 168w, https:\/\/ajmonnet.eu\/wp-content\/uploads\/2022\/03\/WhatsApp-Image-2025-02-18-a-10.43.14_f8868b87-768x1372.jpg 768w, https:\/\/ajmonnet.eu\/wp-content\/uploads\/2022\/03\/WhatsApp-Image-2025-02-18-a-10.43.14_f8868b87-860x1536.jpg 860w, https:\/\/ajmonnet.eu\/wp-content\/uploads\/2022\/03\/WhatsApp-Image-2025-02-18-a-10.43.14_f8868b87-7x12.jpg 7w, https:\/\/ajmonnet.eu\/wp-content\/uploads\/2022\/03\/WhatsApp-Image-2025-02-18-a-10.43.14_f8868b87.jpg 1146w\" sizes=\"auto, (max-width: 573px) 100vw, 573px\" \/><\/figure><div class=\"wp-block-media-text__content\">\n<p>Grudzie\u0144 2022, uczestnik Komisji Helsi\u0144skiej w Kongresie USA. Wyjazd na spotkanie do Nowego Jorku i Waszyngtonu.<\/p>\n<\/div><\/div>\n\n\n\n<div class=\"wp-block-media-text has-media-on-the-right is-stacked-on-mobile\"><div class=\"wp-block-media-text__content\">\n<p>Kryzysy i regulacje -. <a href=\"https:\/\/www.amazon.fr\/Crises-r%C3%A9gulations-Singularit%C3%A9-insuffisance-institutions\/dp\/6203420379\/ref=sr_1_2?dchild=1&amp;qid=1626598709&amp;refinements=p_27%3AOlivier+Vedrine&amp;s=books&amp;sr=1-2\" target=\"_blank\" rel=\"noreferrer noopener\">Jednostkowo\u015b\u0107 i nieadekwatno\u015b\u0107 instytucji<\/a> - Olivier Cuissard i Olivier V\u00e9drine, European University Publishing, lipiec 2021 r.<\/p>\n<\/div><figure class=\"wp-block-media-text__media\"><img loading=\"lazy\" decoding=\"async\" width=\"500\" height=\"714\" src=\"https:\/\/ajmonnet.eu\/wp-content\/uploads\/2022\/03\/crisesetregulations.jpg\" alt=\"\" class=\"wp-image-3961 size-full\" srcset=\"https:\/\/ajmonnet.eu\/wp-content\/uploads\/2022\/03\/crisesetregulations.jpg 500w, https:\/\/ajmonnet.eu\/wp-content\/uploads\/2022\/03\/crisesetregulations-210x300.jpg 210w, https:\/\/ajmonnet.eu\/wp-content\/uploads\/2022\/03\/crisesetregulations-8x12.jpg 8w\" sizes=\"auto, (max-width: 500px) 100vw, 500px\" \/><\/figure><\/div>\n\n\n\n<div class=\"wp-block-columns is-layout-flex wp-container-core-columns-is-layout-9d6595d7 wp-block-columns-is-layout-flex\">\n<div class=\"wp-block-column is-vertically-aligned-center is-layout-flow wp-block-column-is-layout-flow\" style=\"flex-basis:33.33%\">\n<p class=\"has-text-align-center\"><strong>Przem\u00f3wienie w Centrum Medialnym Ukrai\u0144skiego Kryzysu<\/strong> z Isabelle Dumont, ambasador Francji na Ukrainie <br>16 czerwca 2014 r.<\/p>\n<\/div>\n\n\n\n<div class=\"wp-block-column is-layout-flow wp-block-column-is-layout-flow\" style=\"flex-basis:66.66%\">\n<figure class=\"wp-block-embed is-type-video is-provider-youtube wp-block-embed-youtube wp-embed-aspect-16-9 wp-has-aspect-ratio\"><div class=\"wp-block-embed__wrapper\">\n<iframe loading=\"lazy\" title=\"Prezentacja bada\u0144: &quot;Audyt polityki zagranicznej: Ukraina-Francja&quot;. UCMC, 14.06.16\" width=\"500\" height=\"281\" src=\"https:\/\/www.youtube.com\/embed\/rfgCU4l8kto?feature=oembed\" frameborder=\"0\" allow=\"accelerometer; autoplay; clipboard-write; encrypted-media; gyroscope; picture-in-picture; web-share\" referrerpolicy=\"strict-origin-when-cross-origin\" allowfullscreen><\/iframe>\n<\/div><\/figure>\n<\/div>\n<\/div>\n\n\n\n<div class=\"wp-block-columns is-layout-flex wp-container-core-columns-is-layout-9d6595d7 wp-block-columns-is-layout-flex\">\n<div class=\"wp-block-column is-layout-flow wp-block-column-is-layout-flow\" style=\"flex-basis:66.66%\">\n<figure class=\"wp-block-embed is-type-video is-provider-youtube wp-block-embed-youtube wp-embed-aspect-16-9 wp-has-aspect-ratio\"><div class=\"wp-block-embed__wrapper\">\n<iframe loading=\"lazy\" title=\"Olivier Vedrine. Ukrai\u0144skie Centrum Medialne Kryzysu. 22 maja 2014 r.\" width=\"500\" height=\"281\" src=\"https:\/\/www.youtube.com\/embed\/jhQQSQKR3v0?feature=oembed\" frameborder=\"0\" allow=\"accelerometer; autoplay; clipboard-write; encrypted-media; gyroscope; picture-in-picture; web-share\" referrerpolicy=\"strict-origin-when-cross-origin\" allowfullscreen><\/iframe>\n<\/div><\/figure>\n<\/div>\n\n\n\n<div class=\"wp-block-column is-vertically-aligned-center is-layout-flow wp-block-column-is-layout-flow\" style=\"flex-basis:33.33%\">\n<p class=\"has-text-align-center\"><strong>Przem\u00f3wienie w Centrum Medialnym Ukrai\u0144skiego Kryzysu<\/strong><br>22 maja 2014 r.<\/p>\n<\/div>\n<\/div>\n\n\n\n<div class=\"wp-block-media-text is-stacked-on-mobile\"><figure class=\"wp-block-media-text__media\"><img loading=\"lazy\" decoding=\"async\" width=\"465\" height=\"670\" src=\"https:\/\/ajmonnet.eu\/wp-content\/uploads\/2022\/03\/2025-02-16_15h07_10.png\" alt=\"\" class=\"wp-image-4159 size-full\" srcset=\"https:\/\/ajmonnet.eu\/wp-content\/uploads\/2022\/03\/2025-02-16_15h07_10.png 465w, https:\/\/ajmonnet.eu\/wp-content\/uploads\/2022\/03\/2025-02-16_15h07_10-208x300.png 208w, https:\/\/ajmonnet.eu\/wp-content\/uploads\/2022\/03\/2025-02-16_15h07_10-8x12.png 8w\" sizes=\"auto, (max-width: 465px) 100vw, 465px\" \/><\/figure><div class=\"wp-block-media-text__content\">\n<p>Cahiers de la Revue D\u00e9fense Nationale -. <a href=\"https:\/\/www.irsem.fr\/data\/files\/irsem\/documents\/document\/file\/2281\/Cahier_Arctique%20(2011).pdf\" target=\"_blank\" rel=\"noreferrer noopener\">Arktyka jako teatr strategiczny<\/a> - Zredagowa\u0142 Olivier V\u00e9drine, pa\u017adziernik 2011 r.<\/p>\n<\/div><\/div>\n\n\n\n<div class=\"wp-block-media-text has-media-on-the-right is-stacked-on-mobile\"><div class=\"wp-block-media-text__content\">\n<p><a href=\"https:\/\/www.defnat.com\/e-RDN\/vue-article.php?carticle=8618\" target=\"_blank\" rel=\"noreferrer noopener\">Pomys\u0142y na zjednoczon\u0105 Europ\u0119<\/a><a href=\"https:\/\/www.amazon.fr\/Ideas-United-Europe-Olivier-V%C3%A9drine-ebook\/dp\/B0057Y9VKY\/ref=monarch_sidesheet_title\" target=\"_blank\" rel=\"noreferrer noopener\">e<\/a> Esej Oliviera V\u00e9drine'a, Wydawnictwo Libertas, 2010, ISBN 9783946119173<\/p>\n<\/div><figure class=\"wp-block-media-text__media\"><img loading=\"lazy\" decoding=\"async\" width=\"366\" height=\"530\" src=\"https:\/\/ajmonnet.eu\/wp-content\/uploads\/2022\/03\/2025-02-16_15h08_58.png\" alt=\"\" class=\"wp-image-4160 size-full\" srcset=\"https:\/\/ajmonnet.eu\/wp-content\/uploads\/2022\/03\/2025-02-16_15h08_58.png 366w, https:\/\/ajmonnet.eu\/wp-content\/uploads\/2022\/03\/2025-02-16_15h08_58-207x300.png 207w, https:\/\/ajmonnet.eu\/wp-content\/uploads\/2022\/03\/2025-02-16_15h08_58-8x12.png 8w\" sizes=\"auto, (max-width: 366px) 100vw, 366px\" \/><\/figure><\/div>","protected":false},"featured_media":564,"template":"","categories":[],"tags":[],"class_list":["post-563","members","type-members","status-publish","has-post-thumbnail","hentry"],"acf":[],"yoast_head":"<!-- This site is optimized with the Yoast SEO plugin v27.4 - https:\/\/yoast.com\/product\/yoast-seo-wordpress\/ -->\n<title>Olivier V\u00e9drine<\/title>\n<meta name=\"robots\" content=\"index, follow, max-snippet:-1, max-image-preview:large, max-video-preview:-1\" \/>\n<link rel=\"canonical\" href=\"https:\/\/ajmonnet.eu\/pl\/members\/olivier-vedrine\/\" \/>\n<meta property=\"og:locale\" content=\"pl_PL\" \/>\n<meta property=\"og:type\" content=\"article\" \/>\n<meta property=\"og:title\" content=\"Olivier V\u00e9drine\" \/>\n<meta property=\"og:description\" content=\"Olivier V\u00e9drine est professeur, journaliste et ancien conf\u00e9rencier de la Commission europ\u00e9enne au sein du r\u00e9seau d\u2019experts Team Europe (2007-2014). Il est membre du Conseil d&rsquo;Administration du Club D\u00e9mocratique Russe en France. Il intervient r\u00e9guli\u00e8rement sur LCI, BFMTV, Franceinfo TV et sur les t\u00e9l\u00e9visions \u00e9trang\u00e8res et \u00e9crit dans la Tribune de Gen\u00e8ve. Quelques-unes de ses [&hellip;]\" \/>\n<meta property=\"og:url\" content=\"https:\/\/ajmonnet.eu\/pl\/members\/olivier-vedrine\/\" \/>\n<meta property=\"og:site_name\" content=\"Association Jean Monnet\" \/>\n<meta property=\"article:publisher\" content=\"https:\/\/www.facebook.com\/associationjeanmonnet\" \/>\n<meta property=\"article:modified_time\" content=\"2025-12-01T13:21:00+00:00\" \/>\n<meta property=\"og:image\" content=\"https:\/\/ajmonnet.eu\/wp-content\/uploads\/2022\/03\/Olivier-Ve\u0301drine-photo-pour-AJM.jpg\" \/>\n\t<meta property=\"og:image:width\" content=\"741\" \/>\n\t<meta property=\"og:image:height\" content=\"741\" \/>\n\t<meta property=\"og:image:type\" content=\"image\/jpeg\" \/>\n<meta name=\"twitter:card\" content=\"summary_large_image\" \/>\n<meta name=\"twitter:site\" content=\"@AJMonnet\" \/>\n<meta name=\"twitter:label1\" content=\"Szacowany czas czytania\" \/>\n\t<meta name=\"twitter:data1\" content=\"10 minut\" \/>\n<script type=\"application\/ld+json\" class=\"yoast-schema-graph\">{\"@context\":\"https:\\\/\\\/schema.org\",\"@graph\":[{\"@type\":\"WebPage\",\"@id\":\"https:\\\/\\\/ajmonnet.eu\\\/members\\\/olivier-vedrine\\\/\",\"url\":\"https:\\\/\\\/ajmonnet.eu\\\/members\\\/olivier-vedrine\\\/\",\"name\":\"Olivier V\u00e9drine\",\"isPartOf\":{\"@id\":\"https:\\\/\\\/ajmonnet.eu\\\/#website\"},\"primaryImageOfPage\":{\"@id\":\"https:\\\/\\\/ajmonnet.eu\\\/members\\\/olivier-vedrine\\\/#primaryimage\"},\"image\":{\"@id\":\"https:\\\/\\\/ajmonnet.eu\\\/members\\\/olivier-vedrine\\\/#primaryimage\"},\"thumbnailUrl\":\"https:\\\/\\\/ajmonnet.eu\\\/wp-content\\\/uploads\\\/2022\\\/03\\\/Olivier-Ve\u0301drine-photo-pour-AJM.jpg\",\"datePublished\":\"2022-03-29T10:57:06+00:00\",\"dateModified\":\"2025-12-01T13:21:00+00:00\",\"breadcrumb\":{\"@id\":\"https:\\\/\\\/ajmonnet.eu\\\/members\\\/olivier-vedrine\\\/#breadcrumb\"},\"inLanguage\":\"pl-PL\",\"potentialAction\":[{\"@type\":\"ReadAction\",\"target\":[\"https:\\\/\\\/ajmonnet.eu\\\/members\\\/olivier-vedrine\\\/\"]}]},{\"@type\":\"ImageObject\",\"inLanguage\":\"pl-PL\",\"@id\":\"https:\\\/\\\/ajmonnet.eu\\\/members\\\/olivier-vedrine\\\/#primaryimage\",\"url\":\"https:\\\/\\\/ajmonnet.eu\\\/wp-content\\\/uploads\\\/2022\\\/03\\\/Olivier-Ve\u0301drine-photo-pour-AJM.jpg\",\"contentUrl\":\"https:\\\/\\\/ajmonnet.eu\\\/wp-content\\\/uploads\\\/2022\\\/03\\\/Olivier-Ve\u0301drine-photo-pour-AJM.jpg\",\"width\":741,\"height\":741},{\"@type\":\"BreadcrumbList\",\"@id\":\"https:\\\/\\\/ajmonnet.eu\\\/members\\\/olivier-vedrine\\\/#breadcrumb\",\"itemListElement\":[{\"@type\":\"ListItem\",\"position\":1,\"name\":\"Home\",\"item\":\"https:\\\/\\\/ajmonnet.eu\\\/\"},{\"@type\":\"ListItem\",\"position\":2,\"name\":\"Members\",\"item\":\"http:\\\/\\\/ajmonnet.eu\\\/pl\\\/members\\\/\"},{\"@type\":\"ListItem\",\"position\":3,\"name\":\"Olivier V\u00e9drine\"}]},{\"@type\":\"WebSite\",\"@id\":\"https:\\\/\\\/ajmonnet.eu\\\/#website\",\"url\":\"https:\\\/\\\/ajmonnet.eu\\\/\",\"name\":\"Association Jean Monnet\",\"description\":\"Faire vivre au temps pr\u00e9sent les id\u00e9es europ\u00e9ennes de Jean Monnet\",\"publisher\":{\"@id\":\"https:\\\/\\\/ajmonnet.eu\\\/#organization\"},\"alternateName\":\"AJM\",\"potentialAction\":[{\"@type\":\"SearchAction\",\"target\":{\"@type\":\"EntryPoint\",\"urlTemplate\":\"https:\\\/\\\/ajmonnet.eu\\\/?s={search_term_string}\"},\"query-input\":{\"@type\":\"PropertyValueSpecification\",\"valueRequired\":true,\"valueName\":\"search_term_string\"}}],\"inLanguage\":\"pl-PL\"},{\"@type\":\"Organization\",\"@id\":\"https:\\\/\\\/ajmonnet.eu\\\/#organization\",\"name\":\"ASSOCIATION JEAN MONNET\",\"alternateName\":\"AJM\",\"url\":\"https:\\\/\\\/ajmonnet.eu\\\/\",\"logo\":{\"@type\":\"ImageObject\",\"inLanguage\":\"pl-PL\",\"@id\":\"https:\\\/\\\/ajmonnet.eu\\\/#\\\/schema\\\/logo\\\/image\\\/\",\"url\":\"https:\\\/\\\/ajmonnet.eu\\\/wp-content\\\/uploads\\\/2022\\\/04\\\/AJM-Logo-Color.png\",\"contentUrl\":\"https:\\\/\\\/ajmonnet.eu\\\/wp-content\\\/uploads\\\/2022\\\/04\\\/AJM-Logo-Color.png\",\"width\":386,\"height\":241,\"caption\":\"ASSOCIATION JEAN MONNET\"},\"image\":{\"@id\":\"https:\\\/\\\/ajmonnet.eu\\\/#\\\/schema\\\/logo\\\/image\\\/\"},\"sameAs\":[\"https:\\\/\\\/www.facebook.com\\\/associationjeanmonnet\",\"https:\\\/\\\/x.com\\\/AJMonnet\",\"https:\\\/\\\/www.linkedin.com\\\/company\\\/association-jean-monnet\",\"https:\\\/\\\/bsky.app\\\/profile\\\/ajeanmonnet.bsky.social\"]}]}<\/script>\n<!-- \/ Yoast SEO plugin. -->","yoast_head_json":{"title":"Olivier V\u00e9drine","robots":{"index":"index","follow":"follow","max-snippet":"max-snippet:-1","max-image-preview":"max-image-preview:large","max-video-preview":"max-video-preview:-1"},"canonical":"https:\/\/ajmonnet.eu\/pl\/members\/olivier-vedrine\/","og_locale":"pl_PL","og_type":"article","og_title":"Olivier V\u00e9drine","og_description":"Olivier V\u00e9drine est professeur, journaliste et ancien conf\u00e9rencier de la Commission europ\u00e9enne au sein du r\u00e9seau d\u2019experts Team Europe (2007-2014). Il est membre du Conseil d&rsquo;Administration du Club D\u00e9mocratique Russe en France. Il intervient r\u00e9guli\u00e8rement sur LCI, BFMTV, Franceinfo TV et sur les t\u00e9l\u00e9visions \u00e9trang\u00e8res et \u00e9crit dans la Tribune de Gen\u00e8ve. Quelques-unes de ses [&hellip;]","og_url":"https:\/\/ajmonnet.eu\/pl\/members\/olivier-vedrine\/","og_site_name":"Association Jean Monnet","article_publisher":"https:\/\/www.facebook.com\/associationjeanmonnet","article_modified_time":"2025-12-01T13:21:00+00:00","og_image":[{"width":741,"height":741,"url":"https:\/\/ajmonnet.eu\/wp-content\/uploads\/2022\/03\/Olivier-Ve\u0301drine-photo-pour-AJM.jpg","type":"image\/jpeg"}],"twitter_card":"summary_large_image","twitter_site":"@AJMonnet","twitter_misc":{"Szacowany czas czytania":"10 minut"},"schema":{"@context":"https:\/\/schema.org","@graph":[{"@type":"WebPage","@id":"https:\/\/ajmonnet.eu\/members\/olivier-vedrine\/","url":"https:\/\/ajmonnet.eu\/members\/olivier-vedrine\/","name":"Olivier V\u00e9drine","isPartOf":{"@id":"https:\/\/ajmonnet.eu\/#website"},"primaryImageOfPage":{"@id":"https:\/\/ajmonnet.eu\/members\/olivier-vedrine\/#primaryimage"},"image":{"@id":"https:\/\/ajmonnet.eu\/members\/olivier-vedrine\/#primaryimage"},"thumbnailUrl":"https:\/\/ajmonnet.eu\/wp-content\/uploads\/2022\/03\/Olivier-Ve\u0301drine-photo-pour-AJM.jpg","datePublished":"2022-03-29T10:57:06+00:00","dateModified":"2025-12-01T13:21:00+00:00","breadcrumb":{"@id":"https:\/\/ajmonnet.eu\/members\/olivier-vedrine\/#breadcrumb"},"inLanguage":"pl-PL","potentialAction":[{"@type":"ReadAction","target":["https:\/\/ajmonnet.eu\/members\/olivier-vedrine\/"]}]},{"@type":"ImageObject","inLanguage":"pl-PL","@id":"https:\/\/ajmonnet.eu\/members\/olivier-vedrine\/#primaryimage","url":"https:\/\/ajmonnet.eu\/wp-content\/uploads\/2022\/03\/Olivier-Ve\u0301drine-photo-pour-AJM.jpg","contentUrl":"https:\/\/ajmonnet.eu\/wp-content\/uploads\/2022\/03\/Olivier-Ve\u0301drine-photo-pour-AJM.jpg","width":741,"height":741},{"@type":"BreadcrumbList","@id":"https:\/\/ajmonnet.eu\/members\/olivier-vedrine\/#breadcrumb","itemListElement":[{"@type":"ListItem","position":1,"name":"Home","item":"https:\/\/ajmonnet.eu\/"},{"@type":"ListItem","position":2,"name":"Members","item":"http:\/\/ajmonnet.eu\/pl\/members\/"},{"@type":"ListItem","position":3,"name":"Olivier V\u00e9drine"}]},{"@type":"WebSite","@id":"https:\/\/ajmonnet.eu\/#website","url":"https:\/\/ajmonnet.eu\/","name":"Stowarzyszenie Jean Monnet","description":"O\u017cywienie idei europejskich Jeana Monneta we wsp\u00f3\u0142czesno\u015bci","publisher":{"@id":"https:\/\/ajmonnet.eu\/#organization"},"alternateName":"AJM","potentialAction":[{"@type":"SearchAction","target":{"@type":"EntryPoint","urlTemplate":"https:\/\/ajmonnet.eu\/?s={search_term_string}"},"query-input":{"@type":"PropertyValueSpecification","valueRequired":true,"valueName":"search_term_string"}}],"inLanguage":"pl-PL"},{"@type":"Organization","@id":"https:\/\/ajmonnet.eu\/#organization","name":"STOWARZYSZENIE JEAN MONNET","alternateName":"AJM","url":"https:\/\/ajmonnet.eu\/","logo":{"@type":"ImageObject","inLanguage":"pl-PL","@id":"https:\/\/ajmonnet.eu\/#\/schema\/logo\/image\/","url":"https:\/\/ajmonnet.eu\/wp-content\/uploads\/2022\/04\/AJM-Logo-Color.png","contentUrl":"https:\/\/ajmonnet.eu\/wp-content\/uploads\/2022\/04\/AJM-Logo-Color.png","width":386,"height":241,"caption":"ASSOCIATION JEAN MONNET"},"image":{"@id":"https:\/\/ajmonnet.eu\/#\/schema\/logo\/image\/"},"sameAs":["https:\/\/www.facebook.com\/associationjeanmonnet","https:\/\/x.com\/AJMonnet","https:\/\/www.linkedin.com\/company\/association-jean-monnet","https:\/\/bsky.app\/profile\/ajeanmonnet.bsky.social"]}]}},"_links":{"self":[{"href":"https:\/\/ajmonnet.eu\/pl\/wp-json\/wp\/v2\/members\/563","targetHints":{"allow":["GET"]}}],"collection":[{"href":"https:\/\/ajmonnet.eu\/pl\/wp-json\/wp\/v2\/members"}],"about":[{"href":"https:\/\/ajmonnet.eu\/pl\/wp-json\/wp\/v2\/types\/members"}],"wp:featuredmedia":[{"embeddable":true,"href":"https:\/\/ajmonnet.eu\/pl\/wp-json\/wp\/v2\/media\/564"}],"wp:attachment":[{"href":"https:\/\/ajmonnet.eu\/pl\/wp-json\/wp\/v2\/media?parent=563"}],"wp:term":[{"taxonomy":"category","embeddable":true,"href":"https:\/\/ajmonnet.eu\/pl\/wp-json\/wp\/v2\/categories?post=563"},{"taxonomy":"post_tag","embeddable":true,"href":"https:\/\/ajmonnet.eu\/pl\/wp-json\/wp\/v2\/tags?post=563"}],"curies":[{"name":"wp","href":"https:\/\/api.w.org\/{rel}","templated":true}]}}