{"id":573,"date":"2022-03-29T12:08:29","date_gmt":"2022-03-29T12:08:29","guid":{"rendered":"https:\/\/ajmonnet.eu\/?post_type=members&#038;p=573"},"modified":"2025-01-04T18:53:32","modified_gmt":"2025-01-04T16:53:32","slug":"monica-radu","status":"publish","type":"members","link":"https:\/\/ajmonnet.eu\/de\/members\/monica-radu\/","title":{"rendered":"Monica Radu"},"content":{"rendered":"<p>Direktorin f\u00fcr europ\u00e4ische und internationale Angelegenheiten - D\u00e9partement Val de Marne<\/p>\n\n\n\n<p>Monica hat einen Master-Abschluss in Vergleichender Politischer Soziologie von der Universit\u00e4t Nanterre Paris X.\u00a0<\/p>\n\n\n\n<p>Nachdem sie unter anderem im Maison Jean Monnet, das dem Europ\u00e4ischen Parlament geh\u00f6rt, gearbeitet hatte, wechselte sie Ende 2018 zum Maison de l'Europe in Paris.&nbsp;<\/p>\n\n\n\n<p>Als Spezialistin f\u00fcr europ\u00e4ische Fragen organisierte und \u00fcberwachte sie den Ablauf der Veranstaltungen des Vereins. Au\u00dferdem war sie f\u00fcr das Europe Direct Informationszentrum im Maison de l'Europe in Paris zust\u00e4ndig.<\/p>","protected":false},"featured_media":574,"template":"","categories":[],"tags":[],"class_list":["post-573","members","type-members","status-publish","has-post-thumbnail","hentry"],"acf":[],"yoast_head":"<!-- This site is optimized with the Yoast SEO plugin v27.4 - https:\/\/yoast.com\/product\/yoast-seo-wordpress\/ -->\n<title>Monica Radu<\/title>\n<meta name=\"robots\" content=\"index, follow, max-snippet:-1, max-image-preview:large, max-video-preview:-1\" \/>\n<link rel=\"canonical\" href=\"https:\/\/ajmonnet.eu\/de\/members\/monica-radu\/\" \/>\n<meta property=\"og:locale\" content=\"de_DE\" \/>\n<meta property=\"og:type\" content=\"article\" \/>\n<meta property=\"og:title\" content=\"Monica Radu\" \/>\n<meta property=\"og:description\" content=\"Directrice Affaires europ\u00e9ennes et internationales &#8211; D\u00e9partement Val de Marne Monica est dipl\u00f4m\u00e9e d\u2019un Master en Sociologie Politique Compar\u00e9e de l\u2019Universit\u00e9 de Nanterre Paris X.\u00a0 Apr\u00e8s avoir notamment travaill\u00e9 \u00e0 la Maison Jean Monnet, propri\u00e9t\u00e9 du parlement europ\u00e9en, elle a rejoint la Maison de l\u2019Europe de Paris fin 2018.&nbsp; Sp\u00e9cialiste des questions europ\u00e9ennes, elle organisait [&hellip;]\" \/>\n<meta property=\"og:url\" content=\"https:\/\/ajmonnet.eu\/de\/members\/monica-radu\/\" \/>\n<meta property=\"og:site_name\" content=\"Association Jean Monnet\" \/>\n<meta property=\"article:publisher\" content=\"https:\/\/www.facebook.com\/associationjeanmonnet\" \/>\n<meta property=\"article:modified_time\" content=\"2025-01-04T16:53:32+00:00\" \/>\n<meta property=\"og:image\" content=\"https:\/\/ajmonnet.eu\/wp-content\/uploads\/2022\/03\/photo-monica-radu.jpeg\" \/>\n\t<meta property=\"og:image:width\" content=\"400\" \/>\n\t<meta property=\"og:image:height\" content=\"400\" \/>\n\t<meta property=\"og:image:type\" content=\"image\/jpeg\" \/>\n<meta name=\"twitter:card\" content=\"summary_large_image\" \/>\n<meta name=\"twitter:site\" content=\"@AJMonnet\" \/>\n<meta name=\"twitter:label1\" content=\"Gesch\u00e4tzte Lesezeit\" \/>\n\t<meta name=\"twitter:data1\" content=\"1\u00a0Minute\" \/>\n<script type=\"application\/ld+json\" class=\"yoast-schema-graph\">{\"@context\":\"https:\\\/\\\/schema.org\",\"@graph\":[{\"@type\":\"WebPage\",\"@id\":\"https:\\\/\\\/ajmonnet.eu\\\/it\\\/members\\\/monica-radu\\\/\",\"url\":\"https:\\\/\\\/ajmonnet.eu\\\/it\\\/members\\\/monica-radu\\\/\",\"name\":\"Monica Radu\",\"isPartOf\":{\"@id\":\"https:\\\/\\\/ajmonnet.eu\\\/#website\"},\"primaryImageOfPage\":{\"@id\":\"https:\\\/\\\/ajmonnet.eu\\\/it\\\/members\\\/monica-radu\\\/#primaryimage\"},\"image\":{\"@id\":\"https:\\\/\\\/ajmonnet.eu\\\/it\\\/members\\\/monica-radu\\\/#primaryimage\"},\"thumbnailUrl\":\"https:\\\/\\\/ajmonnet.eu\\\/wp-content\\\/uploads\\\/2022\\\/03\\\/photo-monica-radu.jpeg\",\"datePublished\":\"2022-03-29T12:08:29+00:00\",\"dateModified\":\"2025-01-04T16:53:32+00:00\",\"breadcrumb\":{\"@id\":\"https:\\\/\\\/ajmonnet.eu\\\/it\\\/members\\\/monica-radu\\\/#breadcrumb\"},\"inLanguage\":\"de\",\"potentialAction\":[{\"@type\":\"ReadAction\",\"target\":[\"https:\\\/\\\/ajmonnet.eu\\\/it\\\/members\\\/monica-radu\\\/\"]}]},{\"@type\":\"ImageObject\",\"inLanguage\":\"de\",\"@id\":\"https:\\\/\\\/ajmonnet.eu\\\/it\\\/members\\\/monica-radu\\\/#primaryimage\",\"url\":\"https:\\\/\\\/ajmonnet.eu\\\/wp-content\\\/uploads\\\/2022\\\/03\\\/photo-monica-radu.jpeg\",\"contentUrl\":\"https:\\\/\\\/ajmonnet.eu\\\/wp-content\\\/uploads\\\/2022\\\/03\\\/photo-monica-radu.jpeg\",\"width\":400,\"height\":400},{\"@type\":\"BreadcrumbList\",\"@id\":\"https:\\\/\\\/ajmonnet.eu\\\/it\\\/members\\\/monica-radu\\\/#breadcrumb\",\"itemListElement\":[{\"@type\":\"ListItem\",\"position\":1,\"name\":\"Home\",\"item\":\"https:\\\/\\\/ajmonnet.eu\\\/\"},{\"@type\":\"ListItem\",\"position\":2,\"name\":\"Members\",\"item\":\"http:\\\/\\\/ajmonnet.eu\\\/pl\\\/members\\\/\"},{\"@type\":\"ListItem\",\"position\":3,\"name\":\"Monica Radu\"}]},{\"@type\":\"WebSite\",\"@id\":\"https:\\\/\\\/ajmonnet.eu\\\/#website\",\"url\":\"https:\\\/\\\/ajmonnet.eu\\\/\",\"name\":\"Association Jean Monnet\",\"description\":\"Faire vivre au temps pr\u00e9sent les id\u00e9es europ\u00e9ennes de Jean Monnet\",\"publisher\":{\"@id\":\"https:\\\/\\\/ajmonnet.eu\\\/#organization\"},\"alternateName\":\"AJM\",\"potentialAction\":[{\"@type\":\"SearchAction\",\"target\":{\"@type\":\"EntryPoint\",\"urlTemplate\":\"https:\\\/\\\/ajmonnet.eu\\\/?s={search_term_string}\"},\"query-input\":{\"@type\":\"PropertyValueSpecification\",\"valueRequired\":true,\"valueName\":\"search_term_string\"}}],\"inLanguage\":\"de\"},{\"@type\":\"Organization\",\"@id\":\"https:\\\/\\\/ajmonnet.eu\\\/#organization\",\"name\":\"ASSOCIATION JEAN MONNET\",\"alternateName\":\"AJM\",\"url\":\"https:\\\/\\\/ajmonnet.eu\\\/\",\"logo\":{\"@type\":\"ImageObject\",\"inLanguage\":\"de\",\"@id\":\"https:\\\/\\\/ajmonnet.eu\\\/#\\\/schema\\\/logo\\\/image\\\/\",\"url\":\"https:\\\/\\\/ajmonnet.eu\\\/wp-content\\\/uploads\\\/2022\\\/04\\\/AJM-Logo-Color.png\",\"contentUrl\":\"https:\\\/\\\/ajmonnet.eu\\\/wp-content\\\/uploads\\\/2022\\\/04\\\/AJM-Logo-Color.png\",\"width\":386,\"height\":241,\"caption\":\"ASSOCIATION JEAN MONNET\"},\"image\":{\"@id\":\"https:\\\/\\\/ajmonnet.eu\\\/#\\\/schema\\\/logo\\\/image\\\/\"},\"sameAs\":[\"https:\\\/\\\/www.facebook.com\\\/associationjeanmonnet\",\"https:\\\/\\\/x.com\\\/AJMonnet\",\"https:\\\/\\\/www.linkedin.com\\\/company\\\/association-jean-monnet\",\"https:\\\/\\\/bsky.app\\\/profile\\\/ajeanmonnet.bsky.social\"]}]}<\/script>\n<!-- \/ Yoast SEO plugin. -->","yoast_head_json":{"title":"Monica Radu","robots":{"index":"index","follow":"follow","max-snippet":"max-snippet:-1","max-image-preview":"max-image-preview:large","max-video-preview":"max-video-preview:-1"},"canonical":"https:\/\/ajmonnet.eu\/de\/members\/monica-radu\/","og_locale":"de_DE","og_type":"article","og_title":"Monica Radu","og_description":"Directrice Affaires europ\u00e9ennes et internationales &#8211; D\u00e9partement Val de Marne Monica est dipl\u00f4m\u00e9e d\u2019un Master en Sociologie Politique Compar\u00e9e de l\u2019Universit\u00e9 de Nanterre Paris X.\u00a0 Apr\u00e8s avoir notamment travaill\u00e9 \u00e0 la Maison Jean Monnet, propri\u00e9t\u00e9 du parlement europ\u00e9en, elle a rejoint la Maison de l\u2019Europe de Paris fin 2018.&nbsp; Sp\u00e9cialiste des questions europ\u00e9ennes, elle organisait [&hellip;]","og_url":"https:\/\/ajmonnet.eu\/de\/members\/monica-radu\/","og_site_name":"Association Jean Monnet","article_publisher":"https:\/\/www.facebook.com\/associationjeanmonnet","article_modified_time":"2025-01-04T16:53:32+00:00","og_image":[{"width":400,"height":400,"url":"https:\/\/ajmonnet.eu\/wp-content\/uploads\/2022\/03\/photo-monica-radu.jpeg","type":"image\/jpeg"}],"twitter_card":"summary_large_image","twitter_site":"@AJMonnet","twitter_misc":{"Gesch\u00e4tzte Lesezeit":"1\u00a0Minute"},"schema":{"@context":"https:\/\/schema.org","@graph":[{"@type":"WebPage","@id":"https:\/\/ajmonnet.eu\/it\/members\/monica-radu\/","url":"https:\/\/ajmonnet.eu\/it\/members\/monica-radu\/","name":"Monica Radu","isPartOf":{"@id":"https:\/\/ajmonnet.eu\/#website"},"primaryImageOfPage":{"@id":"https:\/\/ajmonnet.eu\/it\/members\/monica-radu\/#primaryimage"},"image":{"@id":"https:\/\/ajmonnet.eu\/it\/members\/monica-radu\/#primaryimage"},"thumbnailUrl":"https:\/\/ajmonnet.eu\/wp-content\/uploads\/2022\/03\/photo-monica-radu.jpeg","datePublished":"2022-03-29T12:08:29+00:00","dateModified":"2025-01-04T16:53:32+00:00","breadcrumb":{"@id":"https:\/\/ajmonnet.eu\/it\/members\/monica-radu\/#breadcrumb"},"inLanguage":"de","potentialAction":[{"@type":"ReadAction","target":["https:\/\/ajmonnet.eu\/it\/members\/monica-radu\/"]}]},{"@type":"ImageObject","inLanguage":"de","@id":"https:\/\/ajmonnet.eu\/it\/members\/monica-radu\/#primaryimage","url":"https:\/\/ajmonnet.eu\/wp-content\/uploads\/2022\/03\/photo-monica-radu.jpeg","contentUrl":"https:\/\/ajmonnet.eu\/wp-content\/uploads\/2022\/03\/photo-monica-radu.jpeg","width":400,"height":400},{"@type":"BreadcrumbList","@id":"https:\/\/ajmonnet.eu\/it\/members\/monica-radu\/#breadcrumb","itemListElement":[{"@type":"ListItem","position":1,"name":"Home","item":"https:\/\/ajmonnet.eu\/"},{"@type":"ListItem","position":2,"name":"Members","item":"http:\/\/ajmonnet.eu\/pl\/members\/"},{"@type":"ListItem","position":3,"name":"Monica Radu"}]},{"@type":"WebSite","@id":"https:\/\/ajmonnet.eu\/#website","url":"https:\/\/ajmonnet.eu\/","name":"Jean-Monnet-Vereinigung","description":"Die europ\u00e4ischen Ideen von Jean Monnet in der heutigen Zeit weiterleben lassen","publisher":{"@id":"https:\/\/ajmonnet.eu\/#organization"},"alternateName":"AJM","potentialAction":[{"@type":"SearchAction","target":{"@type":"EntryPoint","urlTemplate":"https:\/\/ajmonnet.eu\/?s={search_term_string}"},"query-input":{"@type":"PropertyValueSpecification","valueRequired":true,"valueName":"search_term_string"}}],"inLanguage":"de"},{"@type":"Organization","@id":"https:\/\/ajmonnet.eu\/#organization","name":"VEREIN JEAN MONNET","alternateName":"AJM","url":"https:\/\/ajmonnet.eu\/","logo":{"@type":"ImageObject","inLanguage":"de","@id":"https:\/\/ajmonnet.eu\/#\/schema\/logo\/image\/","url":"https:\/\/ajmonnet.eu\/wp-content\/uploads\/2022\/04\/AJM-Logo-Color.png","contentUrl":"https:\/\/ajmonnet.eu\/wp-content\/uploads\/2022\/04\/AJM-Logo-Color.png","width":386,"height":241,"caption":"ASSOCIATION JEAN MONNET"},"image":{"@id":"https:\/\/ajmonnet.eu\/#\/schema\/logo\/image\/"},"sameAs":["https:\/\/www.facebook.com\/associationjeanmonnet","https:\/\/x.com\/AJMonnet","https:\/\/www.linkedin.com\/company\/association-jean-monnet","https:\/\/bsky.app\/profile\/ajeanmonnet.bsky.social"]}]}},"_links":{"self":[{"href":"https:\/\/ajmonnet.eu\/de\/wp-json\/wp\/v2\/members\/573","targetHints":{"allow":["GET"]}}],"collection":[{"href":"https:\/\/ajmonnet.eu\/de\/wp-json\/wp\/v2\/members"}],"about":[{"href":"https:\/\/ajmonnet.eu\/de\/wp-json\/wp\/v2\/types\/members"}],"wp:featuredmedia":[{"embeddable":true,"href":"https:\/\/ajmonnet.eu\/de\/wp-json\/wp\/v2\/media\/574"}],"wp:attachment":[{"href":"https:\/\/ajmonnet.eu\/de\/wp-json\/wp\/v2\/media?parent=573"}],"wp:term":[{"taxonomy":"category","embeddable":true,"href":"https:\/\/ajmonnet.eu\/de\/wp-json\/wp\/v2\/categories?post=573"},{"taxonomy":"post_tag","embeddable":true,"href":"https:\/\/ajmonnet.eu\/de\/wp-json\/wp\/v2\/tags?post=573"}],"curies":[{"name":"wp","href":"https:\/\/api.w.org\/{rel}","templated":true}]}}