{"id":3478,"date":"2023-11-20T21:32:05","date_gmt":"2023-11-20T21:32:05","guid":{"rendered":"https:\/\/ajmonnet.eu\/?post_type=events&#038;p=3478"},"modified":"2023-12-19T21:36:33","modified_gmt":"2023-12-19T21:36:33","slug":"leurope-vue-des-balkans-occidentaux","status":"publish","type":"events","link":"https:\/\/ajmonnet.eu\/de\/events\/leurope-vue-des-balkans-occidentaux\/","title":{"rendered":"Die Vision des Balkans von Europa"},"content":{"rendered":"<p>Zwei Jahrzehnte nach dem Gipfeltreffen von Thessaloniki im Jahr 2003 werden wir die aktuellen Herausforderungen f\u00fcr die EU-Integration in den westlichen Balkanstaaten erkunden. Inmitten des anf\u00e4nglichen Enthusiasmus ist der Weg zur Integration komplex und kompliziert geworden.<br>Im Rahmen der <em><strong>Termin<\/strong> <\/em>der Jean Monnet Association wird diese Online-Konferenz untersuchen, wie die Europ\u00e4ische Union wahrgenommen wird und wie die Herausforderungen der Integration von der Zivilgesellschaft des Westbalkans wahrgenommen werden.&nbsp;<\/p>\n\n\n\n<p>Hier kommen langj\u00e4hrige Experten aus der Zivilgesellschaft zu Wort, die ihre Visionen und Meinungen auf der Grundlage ihrer Erfahrungen mitteilen.<\/p>\n\n\n\n<figure class=\"wp-block-embed aligncenter is-type-video is-provider-youtube wp-block-embed-youtube wp-embed-aspect-16-9 wp-has-aspect-ratio\"><div class=\"wp-block-embed__wrapper\">\n<iframe loading=\"lazy\" title=\"Association Jean Monnet - Die Vision Europas aus der Sicht des Balkans\" width=\"500\" height=\"281\" src=\"https:\/\/www.youtube.com\/embed\/MLzrRtomj_U?feature=oembed\" frameborder=\"0\" allow=\"accelerometer; autoplay; clipboard-write; encrypted-media; gyroscope; picture-in-picture; web-share\" referrerpolicy=\"strict-origin-when-cross-origin\" allowfullscreen><\/iframe>\n<\/div><\/figure>\n\n\n\n<p><strong>Referenten:<\/strong><\/p>\n\n\n<div class=\"wp-block-image\">\n<figure class=\"alignleft\"><img loading=\"lazy\" decoding=\"async\" width=\"300\" height=\"300\" src=\"http:\/\/ajmonnet.eu\/wp-content\/uploads\/2023\/11\/1594998175087-300x300.jpg\" alt=\"\" class=\"wp-image-3479\"\/><\/figure>\n<\/div>\n\n\n<p><strong>Dina Rakin<\/strong><\/p>\n\n\n\n<p>Dina Rakin hat sich \u00fcber ein Jahrzehnt lang aktiv im serbischen Zivilsektor engagiert. Sie ist davon \u00fcberzeugt, dass die Europ\u00e4ische Union der vielversprechendste Weg f\u00fcr gesellschaftlichen Fortschritt ist, und hat ihre Karriere bei der Europ\u00e4ischen Bewegung in Serbien (EMinS) begonnen, wo sie als Forscherin und Unternehmensentwicklerin t\u00e4tig war. Neben ihrer Rolle als stellvertretende Generalsekret\u00e4rin der EMinS konzentrierte sie sich auf die Stiftungsarbeit und leitet derzeit die Koalition f\u00fcr die Entwicklung der Solidarischen \u00d6konomie. Ihr reiches Portfolio umfasst umfangreiches Fachwissen in den Bereichen Projektmanagement, Forschung zur \u00f6ffentlichen Politik, Interessenvertretung und F\u00f6rderung der Zusammenarbeit mit verschiedenen Interessengruppen. Au\u00dferdem spielte sie eine zentrale Rolle bei der Einf\u00fchrung von Mentoring-Programmen f\u00fcr Frauen in Serbien und S\u00fcdosteuropa.<\/p>\n\n\n<div class=\"wp-block-image\">\n<figure class=\"alignleft\"><img loading=\"lazy\" decoding=\"async\" width=\"212\" height=\"237\" src=\"http:\/\/ajmonnet.eu\/wp-content\/uploads\/2023\/11\/kcs.jpg\" alt=\"\" class=\"wp-image-3480\"\/><\/figure>\n<\/div>\n\n\n<p><strong>Taulant Hoxha - Stiftung der kosovarischen Zivilgesellschaft<\/strong><\/p>\n\n\n\n<p>Seit \u00fcber einem Jahrzehnt Aktivist der Zivilgesellschaft. Haupts\u00e4chlich in den Bereichen der Entwicklung der Zivilgesellschaft, einschlie\u00dflich der Beteiligung der Zivilgesellschaft an politischen Entscheidungsprozessen, des Dialogs zwischen Zivilgesellschaft und Regierung, der \u00f6ffentlichen Finanzierung der Zivilgesellschaft und des Rechtsrahmens f\u00fcr die Zivilgesellschaft. Spezifische Fachkenntnisse im Bereich der Neuvergabe an die Zivilgesellschaft. Erfahrung in den Bereichen Forschung, Anwaltschaft, Politik- und Rechtsentwicklung sowie Projekt- und Personalmanagement im gemeinn\u00fctzigen Sektor.<\/p>\n\n\n<div class=\"wp-block-image\">\n<figure class=\"alignleft\"><img loading=\"lazy\" decoding=\"async\" width=\"198\" height=\"156\" src=\"http:\/\/ajmonnet.eu\/wp-content\/uploads\/2023\/11\/Biljana-Spasovska.jpg\" alt=\"\" class=\"wp-image-3481\" srcset=\"https:\/\/ajmonnet.eu\/wp-content\/uploads\/2023\/11\/Biljana-Spasovska.jpg 198w, https:\/\/ajmonnet.eu\/wp-content\/uploads\/2023\/11\/Biljana-Spasovska-15x12.jpg 15w\" sizes=\"auto, (max-width: 198px) 100vw, 198px\" \/><\/figure>\n<\/div>\n\n\n<p><strong>Biljana Spasovska - Gesch\u00e4ftsf\u00fchrerin von BCSD<\/strong><br>Biljana bringt mehr als ein Jahrzehnt Erfahrung in der F\u00f6rderung der Zivilgesellschaft, der demokratischen Werte, der EU-Erweiterungspolitik und einer effektiven globalen Zusammenarbeit mit. Als Exekutivdirektorin des Balkan Civil Society Development Network (BCSDN) leitet sie ein regionales Netzwerk, das sich der St\u00e4rkung der Stimme der Zivilgesellschaft bei der Entscheidungsfindung und Politikgestaltung auf nationaler, regionaler und europ\u00e4ischer Ebene widmet. Sie beteiligt sich aktiv an Initiativen verschiedener internationaler Nichtregierungsorganisationen (INGOs), die sich der Demokratie und der F\u00f6rderung der Menschenrechte in den Balkanstaaten und dar\u00fcber hinaus widmen. Derzeit ist sie Ko-Vorsitzende der Global Partnership of Civil Society Organisations for Effective Development, die eine zentrale Rolle bei der Entwicklung internationaler Dialoge und Rahmenbedingungen f\u00fcr effektive Entwicklungspraktiken spielt. Biljana promoviert im Bereich Globalisierung und Demokratie und baut dabei auf ihrer akademischen Grundlage mit einem Master in interdisziplin\u00e4ren Osteuropastudien der Universit\u00e4t Bologna auf. Das Balkan Civil Society Development Network (BCSDN) ist ein Netzwerk von 14 zivilgesellschaftlichen Organisationen aus 11 Balkanl\u00e4ndern (Albanien, Bosnien und Herzegowina, Bulgarien, Kroatien, Kosovo, Rum\u00e4nien, Montenegro, Nordmazedonien, Slowenien, Serbien und der T\u00fcrkei).<\/p>\n\n\n<div class=\"wp-block-image\">\n<figure class=\"alignleft\"><img loading=\"lazy\" decoding=\"async\" width=\"200\" height=\"200\" src=\"http:\/\/ajmonnet.eu\/wp-content\/uploads\/2023\/11\/1607409123158.jpg\" alt=\"\" class=\"wp-image-3482\" srcset=\"https:\/\/ajmonnet.eu\/wp-content\/uploads\/2023\/11\/1607409123158.jpg 200w, https:\/\/ajmonnet.eu\/wp-content\/uploads\/2023\/11\/1607409123158-150x150.jpg 150w, https:\/\/ajmonnet.eu\/wp-content\/uploads\/2023\/11\/1607409123158-12x12.jpg 12w\" sizes=\"auto, (max-width: 200px) 100vw, 200px\" \/><\/figure>\n<\/div>\n\n\n<p><strong>Daliborka Uljarevi\u0107 - Leiterin des Zentrums f\u00fcr politische Bildung<br><\/strong>Daliborka Uljarevi\u0107 ist gesch\u00e4ftsf\u00fchrende Direktorin einer der einflussreichsten montenegrinischen NGOs, dem Zentrum f\u00fcr politische Bildung (CCE\/CGO), und Mitglied des Vorstands mehrerer f\u00fchrender montenegrinischer NGOs. Sie ist Politikwissenschaftlerin, hat an der Fakult\u00e4t f\u00fcr Politikwissenschaft der Universit\u00e4t Belgrad einen Abschluss in Internationalen Beziehungen erworben und sich an montenegrinischen und internationalen Universit\u00e4ten auf politische Systeme, europ\u00e4ische Angelegenheiten, Medienpolitik, Menschenrechte und Zivilgesellschaft spezialisiert. <br>Auf breiterer Ebene ist sie Mitglied des Regionalrats der Koalition f\u00fcr RECOM und der HBS-Strategiegruppe f\u00fcr den Westbalkan. Bis vor kurzem war sie Mitglied des Beratungsausschusses f\u00fcr den Westbalkan der Open Society Foundations (OSF). Ihre bisherige Berufserfahrung bezieht sich auf internationale Medien (BBC World) und Organisationen (Europarat, OSZE, IFES), und sie wird h\u00e4ufig als Beraterin engagiert. Sie ist (Mit-)Autorin und Herausgeberin einer Reihe von Publikationen und Artikeln im Bereich Demokratisierung und Europ\u00e4isierung und eine der f\u00fchrenden politischen Analytikerinnen Montenegros, die h\u00e4ufig in montenegrinischen, regionalen und internationalen Medien zitiert wird.<\/p>\n\n\n<div class=\"wp-block-image\">\n<figure class=\"alignleft\"><img loading=\"lazy\" decoding=\"async\" width=\"200\" height=\"200\" src=\"http:\/\/ajmonnet.eu\/wp-content\/uploads\/2023\/11\/1608211561364.jpg\" alt=\"\" class=\"wp-image-3483\" srcset=\"https:\/\/ajmonnet.eu\/wp-content\/uploads\/2023\/11\/1608211561364.jpg 200w, https:\/\/ajmonnet.eu\/wp-content\/uploads\/2023\/11\/1608211561364-150x150.jpg 150w, https:\/\/ajmonnet.eu\/wp-content\/uploads\/2023\/11\/1608211561364-12x12.jpg 12w\" sizes=\"auto, (max-width: 200px) 100vw, 200px\" \/><\/figure>\n<\/div>\n\n\n<p><strong>Juliana Hoxha - Partners Albania for Change and Development<\/strong><br>Juliana Hoxha begann 2001 mit Partners Albania for Change and Development und ist seither als Exekutivdirektorin t\u00e4tig.  Sie bringt mehr als 25 Jahre Berufserfahrung im Bereich des Aufbaus von Institutionen und Kapazit\u00e4ten im gemeinn\u00fctzigen Sektor und in der Kommunalverwaltung mit und verf\u00fcgt \u00fcber langj\u00e4hrige Schulungs- und Beratungserfahrung auf dem Balkan, im Nahen Osten und in den L\u00e4ndern der \u00d6stlichen Partnerschaft. Sie half bei der Gr\u00fcndung und moderierte die allererste NGO-Regierungs-Arbeitsgruppe zur Ausarbeitung eines neuen NGO-Gesetzes in Albanien im Jahr 1996 und leitete seitdem die nationale Advocacy-Kampagne f\u00fcr ein zivilgesellschaftsfreundliches Umfeld in Albanien.<\/p>\n\n\n\n<p>Bevor sie mit Partners Albania begann, leitete Juliana Hoxha zwei gro\u00df angelegte, von USAID finanzierte Programme, die den Aufbau von Kapazit\u00e4ten der Zivilgesellschaft in den Bereichen Anwaltschaft und Leistungserbringung unterst\u00fctzten, darunter auch ein Programm zur Sanierung der Infrastruktur.<\/p>\n\n\n\n<p>Mit ihrer fundierten akademischen und Forschungserfahrung leitete sie forschungsbasierte Advocacy-Bem\u00fchungen zur Entwicklung von Anreizen und Rechtspraktiken f\u00fcr soziales Unternehmertum und Philanthropie in Albanien. Sie hat zahlreiche Artikel und Studien \u00fcber Sozialunternehmen, NGOs und den philanthropischen Sektor auf nationaler und regionaler Ebene verfasst.<\/p>\n\n\n\n<p>Sie wurde zum Mitglied des Stadtrats von Tirana und zum Mitglied des Kongresses der Gemeinden und Regionen des Europarats gew\u00e4hlt, wo sie f\u00fcr den Zeitraum 2014-2015 zur Vizepr\u00e4sidentin gew\u00e4hlt wurde.<\/p>\n\n\n\n<p>Frau Hoxha hat einen Bachelor- und Masterabschluss in Geschichte von der Universit\u00e4t Tirana und einen Masterabschluss in Betriebswirtschaftslehre und IKT von der Universit\u00e4t Sheffield. Sie ist Mitglied der Chevening- und Harvard-Kennedy-Schule und spricht flie\u00dfend Englisch und Italienisch.<\/p>","protected":false},"featured_media":2876,"template":"","categories":[31],"class_list":["post-3478","events","type-events","status-publish","has-post-thumbnail","hentry","category-actualite"],"acf":[],"yoast_head":"<!-- This site is optimized with the Yoast SEO plugin v27.4 - https:\/\/yoast.com\/product\/yoast-seo-wordpress\/ -->\n<title>La vision de l&#039;Europe par les Balkans<\/title>\n<meta name=\"description\" content=\"Association Jean Monnet - Think tank Europ\u00e9en, l&#039;association Jean Monnet propose r\u00e9guli\u00e8rement des \u00e9v\u00e8nements sur l&#039;actualit\u00e9 europ\u00e9enne.\" \/>\n<meta name=\"robots\" content=\"index, follow, max-snippet:-1, max-image-preview:large, max-video-preview:-1\" \/>\n<link rel=\"canonical\" href=\"http:\/\/ajmonnet.eu\/de\/events\/leurope-vue-des-balkans-occidentaux\/\" \/>\n<meta property=\"og:locale\" content=\"de_DE\" \/>\n<meta property=\"og:type\" content=\"article\" \/>\n<meta property=\"og:title\" content=\"La vision de l&#039;Europe par les Balkans\" \/>\n<meta property=\"og:description\" content=\"Association Jean Monnet - Think tank Europ\u00e9en, l&#039;association Jean Monnet propose r\u00e9guli\u00e8rement des \u00e9v\u00e8nements sur l&#039;actualit\u00e9 europ\u00e9enne.\" \/>\n<meta property=\"og:url\" content=\"http:\/\/ajmonnet.eu\/de\/events\/leurope-vue-des-balkans-occidentaux\/\" \/>\n<meta property=\"og:site_name\" content=\"Association Jean Monnet\" \/>\n<meta property=\"article:publisher\" content=\"https:\/\/www.facebook.com\/associationjeanmonnet\" \/>\n<meta property=\"article:modified_time\" content=\"2023-12-19T21:36:33+00:00\" \/>\n<meta property=\"og:image\" content=\"https:\/\/ajmonnet.eu\/wp-content\/uploads\/2022\/11\/Les-Rendez-Vous-de-lAJM.jpg\" \/>\n\t<meta property=\"og:image:width\" content=\"1920\" \/>\n\t<meta property=\"og:image:height\" content=\"1080\" \/>\n\t<meta property=\"og:image:type\" content=\"image\/jpeg\" \/>\n<meta name=\"twitter:card\" content=\"summary_large_image\" \/>\n<meta name=\"twitter:site\" content=\"@AJMonnet\" \/>\n<meta name=\"twitter:label1\" content=\"Gesch\u00e4tzte Lesezeit\" \/>\n\t<meta name=\"twitter:data1\" content=\"7\u00a0Minuten\" \/>\n<script type=\"application\/ld+json\" class=\"yoast-schema-graph\">{\"@context\":\"https:\\\/\\\/schema.org\",\"@graph\":[{\"@type\":\"WebPage\",\"@id\":\"http:\\\/\\\/ajmonnet.eu\\\/pt\\\/events\\\/leurope-vue-des-balkans-occidentaux\\\/\",\"url\":\"http:\\\/\\\/ajmonnet.eu\\\/pt\\\/events\\\/leurope-vue-des-balkans-occidentaux\\\/\",\"name\":\"La vision de l'Europe par les Balkans\",\"isPartOf\":{\"@id\":\"https:\\\/\\\/ajmonnet.eu\\\/#website\"},\"primaryImageOfPage\":{\"@id\":\"http:\\\/\\\/ajmonnet.eu\\\/pt\\\/events\\\/leurope-vue-des-balkans-occidentaux\\\/#primaryimage\"},\"image\":{\"@id\":\"http:\\\/\\\/ajmonnet.eu\\\/pt\\\/events\\\/leurope-vue-des-balkans-occidentaux\\\/#primaryimage\"},\"thumbnailUrl\":\"https:\\\/\\\/ajmonnet.eu\\\/wp-content\\\/uploads\\\/2022\\\/11\\\/Les-Rendez-Vous-de-lAJM.jpg\",\"datePublished\":\"2023-11-20T21:32:05+00:00\",\"dateModified\":\"2023-12-19T21:36:33+00:00\",\"description\":\"Association Jean Monnet - Think tank Europ\u00e9en, l'association Jean Monnet propose r\u00e9guli\u00e8rement des \u00e9v\u00e8nements sur l'actualit\u00e9 europ\u00e9enne.\",\"breadcrumb\":{\"@id\":\"http:\\\/\\\/ajmonnet.eu\\\/pt\\\/events\\\/leurope-vue-des-balkans-occidentaux\\\/#breadcrumb\"},\"inLanguage\":\"de\",\"potentialAction\":[{\"@type\":\"ReadAction\",\"target\":[\"http:\\\/\\\/ajmonnet.eu\\\/pt\\\/events\\\/leurope-vue-des-balkans-occidentaux\\\/\"]}]},{\"@type\":\"ImageObject\",\"inLanguage\":\"de\",\"@id\":\"http:\\\/\\\/ajmonnet.eu\\\/pt\\\/events\\\/leurope-vue-des-balkans-occidentaux\\\/#primaryimage\",\"url\":\"https:\\\/\\\/ajmonnet.eu\\\/wp-content\\\/uploads\\\/2022\\\/11\\\/Les-Rendez-Vous-de-lAJM.jpg\",\"contentUrl\":\"https:\\\/\\\/ajmonnet.eu\\\/wp-content\\\/uploads\\\/2022\\\/11\\\/Les-Rendez-Vous-de-lAJM.jpg\",\"width\":1920,\"height\":1080},{\"@type\":\"BreadcrumbList\",\"@id\":\"http:\\\/\\\/ajmonnet.eu\\\/pt\\\/events\\\/leurope-vue-des-balkans-occidentaux\\\/#breadcrumb\",\"itemListElement\":[{\"@type\":\"ListItem\",\"position\":1,\"name\":\"Home\",\"item\":\"https:\\\/\\\/ajmonnet.eu\\\/\"},{\"@type\":\"ListItem\",\"position\":2,\"name\":\"Events\",\"item\":\"http:\\\/\\\/ajmonnet.eu\\\/pl\\\/events\\\/\"},{\"@type\":\"ListItem\",\"position\":3,\"name\":\"La vision de l&rsquo;Europe par les Balkans\"}]},{\"@type\":\"WebSite\",\"@id\":\"https:\\\/\\\/ajmonnet.eu\\\/#website\",\"url\":\"https:\\\/\\\/ajmonnet.eu\\\/\",\"name\":\"Association Jean Monnet\",\"description\":\"Faire vivre au temps pr\u00e9sent les id\u00e9es europ\u00e9ennes de Jean Monnet\",\"publisher\":{\"@id\":\"https:\\\/\\\/ajmonnet.eu\\\/#organization\"},\"alternateName\":\"AJM\",\"potentialAction\":[{\"@type\":\"SearchAction\",\"target\":{\"@type\":\"EntryPoint\",\"urlTemplate\":\"https:\\\/\\\/ajmonnet.eu\\\/?s={search_term_string}\"},\"query-input\":{\"@type\":\"PropertyValueSpecification\",\"valueRequired\":true,\"valueName\":\"search_term_string\"}}],\"inLanguage\":\"de\"},{\"@type\":\"Organization\",\"@id\":\"https:\\\/\\\/ajmonnet.eu\\\/#organization\",\"name\":\"ASSOCIATION JEAN MONNET\",\"alternateName\":\"AJM\",\"url\":\"https:\\\/\\\/ajmonnet.eu\\\/\",\"logo\":{\"@type\":\"ImageObject\",\"inLanguage\":\"de\",\"@id\":\"https:\\\/\\\/ajmonnet.eu\\\/#\\\/schema\\\/logo\\\/image\\\/\",\"url\":\"https:\\\/\\\/ajmonnet.eu\\\/wp-content\\\/uploads\\\/2022\\\/04\\\/AJM-Logo-Color.png\",\"contentUrl\":\"https:\\\/\\\/ajmonnet.eu\\\/wp-content\\\/uploads\\\/2022\\\/04\\\/AJM-Logo-Color.png\",\"width\":386,\"height\":241,\"caption\":\"ASSOCIATION JEAN MONNET\"},\"image\":{\"@id\":\"https:\\\/\\\/ajmonnet.eu\\\/#\\\/schema\\\/logo\\\/image\\\/\"},\"sameAs\":[\"https:\\\/\\\/www.facebook.com\\\/associationjeanmonnet\",\"https:\\\/\\\/x.com\\\/AJMonnet\",\"https:\\\/\\\/www.linkedin.com\\\/company\\\/association-jean-monnet\",\"https:\\\/\\\/bsky.app\\\/profile\\\/ajeanmonnet.bsky.social\"]}]}<\/script>\n<!-- \/ Yoast SEO plugin. -->","yoast_head_json":{"title":"Die Vision des Balkans von Europa","description":"Association Jean Monnet - Der europ\u00e4ische Think Tank, die Association Jean Monnet, bietet regelm\u00e4\u00dfig Veranstaltungen zu aktuellen europ\u00e4ischen Themen an.","robots":{"index":"index","follow":"follow","max-snippet":"max-snippet:-1","max-image-preview":"max-image-preview:large","max-video-preview":"max-video-preview:-1"},"canonical":"http:\/\/ajmonnet.eu\/de\/events\/leurope-vue-des-balkans-occidentaux\/","og_locale":"de_DE","og_type":"article","og_title":"La vision de l'Europe par les Balkans","og_description":"Association Jean Monnet - Think tank Europ\u00e9en, l'association Jean Monnet propose r\u00e9guli\u00e8rement des \u00e9v\u00e8nements sur l'actualit\u00e9 europ\u00e9enne.","og_url":"http:\/\/ajmonnet.eu\/de\/events\/leurope-vue-des-balkans-occidentaux\/","og_site_name":"Association Jean Monnet","article_publisher":"https:\/\/www.facebook.com\/associationjeanmonnet","article_modified_time":"2023-12-19T21:36:33+00:00","og_image":[{"width":1920,"height":1080,"url":"https:\/\/ajmonnet.eu\/wp-content\/uploads\/2022\/11\/Les-Rendez-Vous-de-lAJM.jpg","type":"image\/jpeg"}],"twitter_card":"summary_large_image","twitter_site":"@AJMonnet","twitter_misc":{"Gesch\u00e4tzte Lesezeit":"7\u00a0Minuten"},"schema":{"@context":"https:\/\/schema.org","@graph":[{"@type":"WebPage","@id":"http:\/\/ajmonnet.eu\/pt\/events\/leurope-vue-des-balkans-occidentaux\/","url":"http:\/\/ajmonnet.eu\/pt\/events\/leurope-vue-des-balkans-occidentaux\/","name":"Die Vision des Balkans von Europa","isPartOf":{"@id":"https:\/\/ajmonnet.eu\/#website"},"primaryImageOfPage":{"@id":"http:\/\/ajmonnet.eu\/pt\/events\/leurope-vue-des-balkans-occidentaux\/#primaryimage"},"image":{"@id":"http:\/\/ajmonnet.eu\/pt\/events\/leurope-vue-des-balkans-occidentaux\/#primaryimage"},"thumbnailUrl":"https:\/\/ajmonnet.eu\/wp-content\/uploads\/2022\/11\/Les-Rendez-Vous-de-lAJM.jpg","datePublished":"2023-11-20T21:32:05+00:00","dateModified":"2023-12-19T21:36:33+00:00","description":"Association Jean Monnet - Der europ\u00e4ische Think Tank, die Association Jean Monnet, bietet regelm\u00e4\u00dfig Veranstaltungen zu aktuellen europ\u00e4ischen Themen an.","breadcrumb":{"@id":"http:\/\/ajmonnet.eu\/pt\/events\/leurope-vue-des-balkans-occidentaux\/#breadcrumb"},"inLanguage":"de","potentialAction":[{"@type":"ReadAction","target":["http:\/\/ajmonnet.eu\/pt\/events\/leurope-vue-des-balkans-occidentaux\/"]}]},{"@type":"ImageObject","inLanguage":"de","@id":"http:\/\/ajmonnet.eu\/pt\/events\/leurope-vue-des-balkans-occidentaux\/#primaryimage","url":"https:\/\/ajmonnet.eu\/wp-content\/uploads\/2022\/11\/Les-Rendez-Vous-de-lAJM.jpg","contentUrl":"https:\/\/ajmonnet.eu\/wp-content\/uploads\/2022\/11\/Les-Rendez-Vous-de-lAJM.jpg","width":1920,"height":1080},{"@type":"BreadcrumbList","@id":"http:\/\/ajmonnet.eu\/pt\/events\/leurope-vue-des-balkans-occidentaux\/#breadcrumb","itemListElement":[{"@type":"ListItem","position":1,"name":"Home","item":"https:\/\/ajmonnet.eu\/"},{"@type":"ListItem","position":2,"name":"Events","item":"http:\/\/ajmonnet.eu\/pl\/events\/"},{"@type":"ListItem","position":3,"name":"La vision de l&rsquo;Europe par les Balkans"}]},{"@type":"WebSite","@id":"https:\/\/ajmonnet.eu\/#website","url":"https:\/\/ajmonnet.eu\/","name":"Jean-Monnet-Vereinigung","description":"Die europ\u00e4ischen Ideen von Jean Monnet in der heutigen Zeit weiterleben lassen","publisher":{"@id":"https:\/\/ajmonnet.eu\/#organization"},"alternateName":"AJM","potentialAction":[{"@type":"SearchAction","target":{"@type":"EntryPoint","urlTemplate":"https:\/\/ajmonnet.eu\/?s={search_term_string}"},"query-input":{"@type":"PropertyValueSpecification","valueRequired":true,"valueName":"search_term_string"}}],"inLanguage":"de"},{"@type":"Organization","@id":"https:\/\/ajmonnet.eu\/#organization","name":"VEREIN JEAN MONNET","alternateName":"AJM","url":"https:\/\/ajmonnet.eu\/","logo":{"@type":"ImageObject","inLanguage":"de","@id":"https:\/\/ajmonnet.eu\/#\/schema\/logo\/image\/","url":"https:\/\/ajmonnet.eu\/wp-content\/uploads\/2022\/04\/AJM-Logo-Color.png","contentUrl":"https:\/\/ajmonnet.eu\/wp-content\/uploads\/2022\/04\/AJM-Logo-Color.png","width":386,"height":241,"caption":"ASSOCIATION JEAN MONNET"},"image":{"@id":"https:\/\/ajmonnet.eu\/#\/schema\/logo\/image\/"},"sameAs":["https:\/\/www.facebook.com\/associationjeanmonnet","https:\/\/x.com\/AJMonnet","https:\/\/www.linkedin.com\/company\/association-jean-monnet","https:\/\/bsky.app\/profile\/ajeanmonnet.bsky.social"]}]}},"_links":{"self":[{"href":"https:\/\/ajmonnet.eu\/de\/wp-json\/wp\/v2\/events\/3478","targetHints":{"allow":["GET"]}}],"collection":[{"href":"https:\/\/ajmonnet.eu\/de\/wp-json\/wp\/v2\/events"}],"about":[{"href":"https:\/\/ajmonnet.eu\/de\/wp-json\/wp\/v2\/types\/events"}],"wp:featuredmedia":[{"embeddable":true,"href":"https:\/\/ajmonnet.eu\/de\/wp-json\/wp\/v2\/media\/2876"}],"wp:attachment":[{"href":"https:\/\/ajmonnet.eu\/de\/wp-json\/wp\/v2\/media?parent=3478"}],"wp:term":[{"taxonomy":"category","embeddable":true,"href":"https:\/\/ajmonnet.eu\/de\/wp-json\/wp\/v2\/categories?post=3478"}],"curies":[{"name":"wp","href":"https:\/\/api.w.org\/{rel}","templated":true}]}}