{"id":3183,"date":"2023-10-05T19:37:33","date_gmt":"2023-10-05T19:37:33","guid":{"rendered":"https:\/\/ajmonnet.eu\/?post_type=members&#038;p=3183"},"modified":"2023-10-05T19:37:33","modified_gmt":"2023-10-05T19:37:33","slug":"thierry-jeantet","status":"publish","type":"members","link":"http:\/\/ajmonnet.eu\/pl\/members\/thierry-jeantet\/","title":{"rendered":"Thierry Jeantet"},"content":{"rendered":"<p>Pierwsze europejskie zaanga\u017cowanie w MFE w 1967 roku.<\/p>\n\n\n\n<p>Prezes fundacji zajmuj\u0105cej si\u0119 autonomi\u0105 i solidarno\u015bci\u0105, cz\u0142onek rady doradczej Global Coop\u00e9rations mi\u0119dzy miastami a gospodark\u0105 spo\u0142eczn\u0105, honorowy przewodnicz\u0105cy Mi\u0119dzynarodowego Forum GSS, by\u0142y dyrektor generalny Euresa (europejskie ugrupowanie towarzystw ubezpiecze\u0144 wzajemnych).<\/p>\n\n\n\n<p>12 lat jako lokalny radny w Mortagne au Perche, delegat do CDC, delegat do Parc Naturel R\u00e9gional du Perche.\u00a0<\/p>\n\n\n\n<p>Autor 17 ksi\u0105\u017cek, z kt\u00f3rych niekt\u00f3re zosta\u0142y przet\u0142umaczone na kilka j\u0119zyk\u00f3w, na temat demokracji i ekonomii spo\u0142ecznej, w tym : <\/p>\n\n\n\n<ul class=\"wp-block-list\">\n<li>William i Gorka - Edt Maia (2023)<\/li>\n\n\n\n<li> Gospodarka solidarno\u015bci spo\u0142ecznej kluczem do mo\u017cliwo\u015bci - Edt les PetitsMatins (2021)<\/li>\n\n\n\n<li>The Social Economy\" Documentation Fran\u00e7aise, wydanie 3 z 2016 r. \u00a0\u00a0<\/li>\n<\/ul>","protected":false},"featured_media":3184,"template":"","categories":[58],"tags":[],"class_list":["post-3183","members","type-members","status-publish","has-post-thumbnail","hentry","category-instances"],"acf":[],"yoast_head":"<!-- This site is optimized with the Yoast SEO plugin v27.4 - https:\/\/yoast.com\/product\/yoast-seo-wordpress\/ -->\n<title>Thierry Jeantet<\/title>\n<meta name=\"robots\" content=\"index, follow, max-snippet:-1, max-image-preview:large, max-video-preview:-1\" \/>\n<link rel=\"canonical\" href=\"https:\/\/ajmonnet.eu\/pl\/members\/thierry-jeantet\/\" \/>\n<meta property=\"og:locale\" content=\"pl_PL\" \/>\n<meta property=\"og:type\" content=\"article\" \/>\n<meta property=\"og:title\" content=\"Thierry Jeantet\" \/>\n<meta property=\"og:description\" content=\"Premier engagement europ\u00e9en au MFE en 1967. Pr\u00e9sident d\u2019une Fondation d\u00e9di\u00e9e \u00e0 l\u2019autonomie et la solidarit\u00e9, Member of the Advisory Board of Global Coop\u00e9rations between Cities and Social Economy, Pr\u00e9sident d\u2019Honneur du Forum International de l\u2019ESS, Ancien DG d\u2019Euresa (Groupement Europ\u00e9en de mutuelles d\u2019assurance). 12 ans Conseiller Municipal \u00e0 Mortagne au Perche , d\u00e9l\u00e9gu\u00e9 \u00e0 [&hellip;]\" \/>\n<meta property=\"og:url\" content=\"https:\/\/ajmonnet.eu\/pl\/members\/thierry-jeantet\/\" \/>\n<meta property=\"og:site_name\" content=\"Association Jean Monnet\" \/>\n<meta property=\"article:publisher\" content=\"https:\/\/www.facebook.com\/associationjeanmonnet\" \/>\n<meta property=\"og:image\" content=\"https:\/\/ajmonnet.eu\/wp-content\/uploads\/2023\/10\/jeantet2.jpg\" \/>\n\t<meta property=\"og:image:width\" content=\"608\" \/>\n\t<meta property=\"og:image:height\" content=\"912\" \/>\n\t<meta property=\"og:image:type\" content=\"image\/jpeg\" \/>\n<meta name=\"twitter:card\" content=\"summary_large_image\" \/>\n<meta name=\"twitter:site\" content=\"@AJMonnet\" \/>\n<meta name=\"twitter:label1\" content=\"Szacowany czas czytania\" \/>\n\t<meta name=\"twitter:data1\" content=\"1 minuta\" \/>\n<script type=\"application\/ld+json\" class=\"yoast-schema-graph\">{\"@context\":\"https:\\\/\\\/schema.org\",\"@graph\":[{\"@type\":\"WebPage\",\"@id\":\"https:\\\/\\\/ajmonnet.eu\\\/members\\\/thierry-jeantet\\\/\",\"url\":\"https:\\\/\\\/ajmonnet.eu\\\/members\\\/thierry-jeantet\\\/\",\"name\":\"Thierry Jeantet\",\"isPartOf\":{\"@id\":\"https:\\\/\\\/ajmonnet.eu\\\/#website\"},\"primaryImageOfPage\":{\"@id\":\"https:\\\/\\\/ajmonnet.eu\\\/members\\\/thierry-jeantet\\\/#primaryimage\"},\"image\":{\"@id\":\"https:\\\/\\\/ajmonnet.eu\\\/members\\\/thierry-jeantet\\\/#primaryimage\"},\"thumbnailUrl\":\"https:\\\/\\\/ajmonnet.eu\\\/wp-content\\\/uploads\\\/2023\\\/10\\\/jeantet2.jpg\",\"datePublished\":\"2023-10-05T19:37:33+00:00\",\"breadcrumb\":{\"@id\":\"https:\\\/\\\/ajmonnet.eu\\\/members\\\/thierry-jeantet\\\/#breadcrumb\"},\"inLanguage\":\"pl-PL\",\"potentialAction\":[{\"@type\":\"ReadAction\",\"target\":[\"https:\\\/\\\/ajmonnet.eu\\\/members\\\/thierry-jeantet\\\/\"]}]},{\"@type\":\"ImageObject\",\"inLanguage\":\"pl-PL\",\"@id\":\"https:\\\/\\\/ajmonnet.eu\\\/members\\\/thierry-jeantet\\\/#primaryimage\",\"url\":\"https:\\\/\\\/ajmonnet.eu\\\/wp-content\\\/uploads\\\/2023\\\/10\\\/jeantet2.jpg\",\"contentUrl\":\"https:\\\/\\\/ajmonnet.eu\\\/wp-content\\\/uploads\\\/2023\\\/10\\\/jeantet2.jpg\",\"width\":608,\"height\":912},{\"@type\":\"BreadcrumbList\",\"@id\":\"https:\\\/\\\/ajmonnet.eu\\\/members\\\/thierry-jeantet\\\/#breadcrumb\",\"itemListElement\":[{\"@type\":\"ListItem\",\"position\":1,\"name\":\"Home\",\"item\":\"https:\\\/\\\/ajmonnet.eu\\\/\"},{\"@type\":\"ListItem\",\"position\":2,\"name\":\"Members\",\"item\":\"http:\\\/\\\/ajmonnet.eu\\\/pl\\\/members\\\/\"},{\"@type\":\"ListItem\",\"position\":3,\"name\":\"Thierry Jeantet\"}]},{\"@type\":\"WebSite\",\"@id\":\"https:\\\/\\\/ajmonnet.eu\\\/#website\",\"url\":\"https:\\\/\\\/ajmonnet.eu\\\/\",\"name\":\"Association Jean Monnet\",\"description\":\"Faire vivre au temps pr\u00e9sent les id\u00e9es europ\u00e9ennes de Jean Monnet\",\"publisher\":{\"@id\":\"https:\\\/\\\/ajmonnet.eu\\\/#organization\"},\"alternateName\":\"AJM\",\"potentialAction\":[{\"@type\":\"SearchAction\",\"target\":{\"@type\":\"EntryPoint\",\"urlTemplate\":\"https:\\\/\\\/ajmonnet.eu\\\/?s={search_term_string}\"},\"query-input\":{\"@type\":\"PropertyValueSpecification\",\"valueRequired\":true,\"valueName\":\"search_term_string\"}}],\"inLanguage\":\"pl-PL\"},{\"@type\":\"Organization\",\"@id\":\"https:\\\/\\\/ajmonnet.eu\\\/#organization\",\"name\":\"ASSOCIATION JEAN MONNET\",\"alternateName\":\"AJM\",\"url\":\"https:\\\/\\\/ajmonnet.eu\\\/\",\"logo\":{\"@type\":\"ImageObject\",\"inLanguage\":\"pl-PL\",\"@id\":\"https:\\\/\\\/ajmonnet.eu\\\/#\\\/schema\\\/logo\\\/image\\\/\",\"url\":\"https:\\\/\\\/ajmonnet.eu\\\/wp-content\\\/uploads\\\/2022\\\/04\\\/AJM-Logo-Color.png\",\"contentUrl\":\"https:\\\/\\\/ajmonnet.eu\\\/wp-content\\\/uploads\\\/2022\\\/04\\\/AJM-Logo-Color.png\",\"width\":386,\"height\":241,\"caption\":\"ASSOCIATION JEAN MONNET\"},\"image\":{\"@id\":\"https:\\\/\\\/ajmonnet.eu\\\/#\\\/schema\\\/logo\\\/image\\\/\"},\"sameAs\":[\"https:\\\/\\\/www.facebook.com\\\/associationjeanmonnet\",\"https:\\\/\\\/x.com\\\/AJMonnet\",\"https:\\\/\\\/www.linkedin.com\\\/company\\\/association-jean-monnet\",\"https:\\\/\\\/bsky.app\\\/profile\\\/ajeanmonnet.bsky.social\"]}]}<\/script>\n<!-- \/ Yoast SEO plugin. -->","yoast_head_json":{"title":"Thierry Jeantet","robots":{"index":"index","follow":"follow","max-snippet":"max-snippet:-1","max-image-preview":"max-image-preview:large","max-video-preview":"max-video-preview:-1"},"canonical":"https:\/\/ajmonnet.eu\/pl\/members\/thierry-jeantet\/","og_locale":"pl_PL","og_type":"article","og_title":"Thierry Jeantet","og_description":"Premier engagement europ\u00e9en au MFE en 1967. Pr\u00e9sident d\u2019une Fondation d\u00e9di\u00e9e \u00e0 l\u2019autonomie et la solidarit\u00e9, Member of the Advisory Board of Global Coop\u00e9rations between Cities and Social Economy, Pr\u00e9sident d\u2019Honneur du Forum International de l\u2019ESS, Ancien DG d\u2019Euresa (Groupement Europ\u00e9en de mutuelles d\u2019assurance). 12 ans Conseiller Municipal \u00e0 Mortagne au Perche , d\u00e9l\u00e9gu\u00e9 \u00e0 [&hellip;]","og_url":"https:\/\/ajmonnet.eu\/pl\/members\/thierry-jeantet\/","og_site_name":"Association Jean Monnet","article_publisher":"https:\/\/www.facebook.com\/associationjeanmonnet","og_image":[{"width":608,"height":912,"url":"https:\/\/ajmonnet.eu\/wp-content\/uploads\/2023\/10\/jeantet2.jpg","type":"image\/jpeg"}],"twitter_card":"summary_large_image","twitter_site":"@AJMonnet","twitter_misc":{"Szacowany czas czytania":"1 minuta"},"schema":{"@context":"https:\/\/schema.org","@graph":[{"@type":"WebPage","@id":"https:\/\/ajmonnet.eu\/members\/thierry-jeantet\/","url":"https:\/\/ajmonnet.eu\/members\/thierry-jeantet\/","name":"Thierry Jeantet","isPartOf":{"@id":"https:\/\/ajmonnet.eu\/#website"},"primaryImageOfPage":{"@id":"https:\/\/ajmonnet.eu\/members\/thierry-jeantet\/#primaryimage"},"image":{"@id":"https:\/\/ajmonnet.eu\/members\/thierry-jeantet\/#primaryimage"},"thumbnailUrl":"https:\/\/ajmonnet.eu\/wp-content\/uploads\/2023\/10\/jeantet2.jpg","datePublished":"2023-10-05T19:37:33+00:00","breadcrumb":{"@id":"https:\/\/ajmonnet.eu\/members\/thierry-jeantet\/#breadcrumb"},"inLanguage":"pl-PL","potentialAction":[{"@type":"ReadAction","target":["https:\/\/ajmonnet.eu\/members\/thierry-jeantet\/"]}]},{"@type":"ImageObject","inLanguage":"pl-PL","@id":"https:\/\/ajmonnet.eu\/members\/thierry-jeantet\/#primaryimage","url":"https:\/\/ajmonnet.eu\/wp-content\/uploads\/2023\/10\/jeantet2.jpg","contentUrl":"https:\/\/ajmonnet.eu\/wp-content\/uploads\/2023\/10\/jeantet2.jpg","width":608,"height":912},{"@type":"BreadcrumbList","@id":"https:\/\/ajmonnet.eu\/members\/thierry-jeantet\/#breadcrumb","itemListElement":[{"@type":"ListItem","position":1,"name":"Home","item":"https:\/\/ajmonnet.eu\/"},{"@type":"ListItem","position":2,"name":"Members","item":"http:\/\/ajmonnet.eu\/pl\/members\/"},{"@type":"ListItem","position":3,"name":"Thierry Jeantet"}]},{"@type":"WebSite","@id":"https:\/\/ajmonnet.eu\/#website","url":"https:\/\/ajmonnet.eu\/","name":"Stowarzyszenie Jean Monnet","description":"O\u017cywienie idei europejskich Jeana Monneta we wsp\u00f3\u0142czesno\u015bci","publisher":{"@id":"https:\/\/ajmonnet.eu\/#organization"},"alternateName":"AJM","potentialAction":[{"@type":"SearchAction","target":{"@type":"EntryPoint","urlTemplate":"https:\/\/ajmonnet.eu\/?s={search_term_string}"},"query-input":{"@type":"PropertyValueSpecification","valueRequired":true,"valueName":"search_term_string"}}],"inLanguage":"pl-PL"},{"@type":"Organization","@id":"https:\/\/ajmonnet.eu\/#organization","name":"STOWARZYSZENIE JEAN MONNET","alternateName":"AJM","url":"https:\/\/ajmonnet.eu\/","logo":{"@type":"ImageObject","inLanguage":"pl-PL","@id":"https:\/\/ajmonnet.eu\/#\/schema\/logo\/image\/","url":"https:\/\/ajmonnet.eu\/wp-content\/uploads\/2022\/04\/AJM-Logo-Color.png","contentUrl":"https:\/\/ajmonnet.eu\/wp-content\/uploads\/2022\/04\/AJM-Logo-Color.png","width":386,"height":241,"caption":"ASSOCIATION JEAN MONNET"},"image":{"@id":"https:\/\/ajmonnet.eu\/#\/schema\/logo\/image\/"},"sameAs":["https:\/\/www.facebook.com\/associationjeanmonnet","https:\/\/x.com\/AJMonnet","https:\/\/www.linkedin.com\/company\/association-jean-monnet","https:\/\/bsky.app\/profile\/ajeanmonnet.bsky.social"]}]}},"_links":{"self":[{"href":"http:\/\/ajmonnet.eu\/pl\/wp-json\/wp\/v2\/members\/3183","targetHints":{"allow":["GET"]}}],"collection":[{"href":"http:\/\/ajmonnet.eu\/pl\/wp-json\/wp\/v2\/members"}],"about":[{"href":"http:\/\/ajmonnet.eu\/pl\/wp-json\/wp\/v2\/types\/members"}],"wp:featuredmedia":[{"embeddable":true,"href":"http:\/\/ajmonnet.eu\/pl\/wp-json\/wp\/v2\/media\/3184"}],"wp:attachment":[{"href":"http:\/\/ajmonnet.eu\/pl\/wp-json\/wp\/v2\/media?parent=3183"}],"wp:term":[{"taxonomy":"category","embeddable":true,"href":"http:\/\/ajmonnet.eu\/pl\/wp-json\/wp\/v2\/categories?post=3183"},{"taxonomy":"post_tag","embeddable":true,"href":"http:\/\/ajmonnet.eu\/pl\/wp-json\/wp\/v2\/tags?post=3183"}],"curies":[{"name":"wp","href":"https:\/\/api.w.org\/{rel}","templated":true}]}}